{"version":"1.0","provider_name":"\u0152uvre Saint Benoit","provider_url":"https:\/\/www.saintbenoit-mayombe.org","author_name":"admin","author_url":"https:\/\/www.saintbenoit-mayombe.org\/index.php\/author\/jpfetshiomiyahoo-fr\/","title":"Apprentissage professionnel - \u0152uvre Saint Benoit","type":"rich","width":600,"height":338,"html":"<blockquote class=\"wp-embedded-content\" data-secret=\"dnrtE8BAgg\"><a href=\"https:\/\/www.saintbenoit-mayombe.org\/index.php\/education\/apprentissage-professionnel\/\">Apprentissage professionnel<\/a><\/blockquote><iframe sandbox=\"allow-scripts\" security=\"restricted\" src=\"https:\/\/www.saintbenoit-mayombe.org\/index.php\/education\/apprentissage-professionnel\/embed\/#?secret=dnrtE8BAgg\" width=\"600\" height=\"338\" title=\"\u00ab\u00a0Apprentissage professionnel\u00a0\u00bb &#8212; \u0152uvre Saint Benoit\" data-secret=\"dnrtE8BAgg\" frameborder=\"0\" marginwidth=\"0\" marginheight=\"0\" scrolling=\"no\" class=\"wp-embedded-content\"><\/iframe><script>\n\/*! This file is auto-generated *\/\n!function(d,l){\"use strict\";var e=!1,o=!1;if(l.querySelector)if(d.addEventListener)e=!0;if(d.wp=d.wp||{},!d.wp.receiveEmbedMessage)if(d.wp.receiveEmbedMessage=function(e){var t=e.data;if(t)if(t.secret||t.message||t.value)if(!\/[^a-zA-Z0-9]\/.test(t.secret)){for(var r,a,i,s=l.querySelectorAll('iframe[data-secret=\"'+t.secret+'\"]'),n=l.querySelectorAll('blockquote[data-secret=\"'+t.secret+'\"]'),o=new RegExp(\"^https?:$\",\"i\"),c=0;c<n.length;c++)n[c].style.display=\"none\";for(c=0;c<s.length;c++)if(r=s[c],e.source===r.contentWindow){if(r.removeAttribute(\"style\"),\"height\"===t.message){if(1e3<(i=parseInt(t.value,10)))i=1e3;else if(~~i<200)i=200;r.height=i}if(\"link\"===t.message)if(a=l.createElement(\"a\"),i=l.createElement(\"a\"),a.href=r.getAttribute(\"src\"),i.href=t.value,o.test(i.protocol))if(i.host===a.host)if(l.activeElement===r)d.top.location.href=t.value}}},e)d.addEventListener(\"message\",d.wp.receiveEmbedMessage,!1),l.addEventListener(\"DOMContentLoaded\",t,!1),d.addEventListener(\"load\",t,!1);function t(){if(!o){o=!0;for(var e,t,r,a=-1!==navigator.appVersion.indexOf(\"MSIE 10\"),i=!!navigator.userAgent.match(\/Trident.*rv:11\\.\/),s=l.querySelectorAll(\"iframe.wp-embedded-content\"),n=0;n<s.length;n++){if(!(r=(t=s[n]).getAttribute(\"data-secret\")))r=Math.random().toString(36).substr(2,10),t.src+=\"#?secret=\"+r,t.setAttribute(\"data-secret\",r);if(a||i)(e=t.cloneNode(!0)).removeAttribute(\"security\"),t.parentNode.replaceChild(e,t);t.contentWindow.postMessage({message:\"ready\",secret:r},\"*\")}}}}(window,document);\n<\/script>\n","description":"Apprentissage professionnel L\u2019apprentissage professionnel est d\u2019abord pens\u00e9 comme un double processus d\u2019\u00e9laboration-conception et de construction-d\u00e9veloppement de savoirs n\u00e9cessaires \u00e0 l\u2019exercice d\u2019un travail, d\u2019un m\u00e9tier ou d\u2019une profession. PRISE EN CHARGE DES HANDICAPES Madame Martine, handicap\u00e9e et m\u00e8re de deux enfants. Elle m\u00eame est orpheline de p\u00e8re et de m\u00e8re, n\u00e9e d&rsquo;une famille de cinq enfants [&hellip;]","thumbnail_url":"https:\/\/www.saintbenoit-mayombe.org\/wp-content\/uploads\/2021\/04\/images-1-1024x122.png"}