{"id":242,"date":"2021-03-16T15:47:01","date_gmt":"2021-03-16T15:47:01","guid":{"rendered":"https:\/\/www.csb-osb.org\/?page_id=242"},"modified":"2025-08-26T11:04:32","modified_gmt":"2025-08-26T11:04:32","slug":"pepinieres","status":"publish","type":"page","link":"https:\/\/www.saintbenoit-mayombe.org\/index.php\/environnement\/pepinieres\/","title":{"rendered":"Nos p\u00e9pini\u00e8res"},"content":{"rendered":"\n<p><strong>NOS PEPINIERES<\/strong><\/p>\n\n\n\n<p>Nous prenons soin de l&rsquo;environnement en plantant des arbres. Nous recyclons des sachets plastiques pour en faire des germoirs des plantes qui vont \u00eatre mises en terre par la suite.  La main-d&rsquo;\u0153uvre est constitu\u00e9e des villageois, hommes, femmes et enfants qui en seront des premiers b\u00e9n\u00e9ficiaires. En le faisant, c&rsquo;est tout un travail d&rsquo;\u00e9ducation qui se r\u00e9alise afin de cultiver en eux une sensibilit\u00e9 au soin de l&rsquo;environnement et de l&rsquo;\u00e9cosyst\u00e8me.<\/p>\n\n\n\n<figure class=\"wp-block-gallery has-nested-images columns-default is-cropped\">\n<figure class=\"wp-block-image size-large\"><img  title=\"\" loading=\"lazy\" width=\"800\" height=\"820\" data-id=\"94\"  src=\"https:\/\/www.saintbenoit-mayombe.org\/wp-content\/uploads\/2020\/12\/recyclage-sachet-pepiniere2.jpg\"  alt=\"recyclage-sachet-pepiniere2 Nos p\u00e9pini\u00e8res\"  class=\"wp-image-94\" srcset=\"https:\/\/www.saintbenoit-mayombe.org\/wp-content\/uploads\/2020\/12\/recyclage-sachet-pepiniere2.jpg 800w, https:\/\/www.saintbenoit-mayombe.org\/wp-content\/uploads\/2020\/12\/recyclage-sachet-pepiniere2-293x300.jpg 293w, https:\/\/www.saintbenoit-mayombe.org\/wp-content\/uploads\/2020\/12\/recyclage-sachet-pepiniere2-768x787.jpg 768w\" sizes=\"(max-width: 800px) 100vw, 800px\" \/><figcaption>recyclage des sachets plastiques<\/figcaption><\/figure>\n\n\n\n<figure class=\"wp-block-image size-large\"><img  title=\"\" loading=\"lazy\" width=\"800\" height=\"820\" data-id=\"89\"  src=\"https:\/\/www.saintbenoit-mayombe.org\/wp-content\/uploads\/2020\/12\/encadrement-des-jeunes-deoeuvre2.jpg\"  alt=\"encadrement-des-jeunes-deoeuvre2 Nos p\u00e9pini\u00e8res\"  class=\"wp-image-89\" srcset=\"https:\/\/www.saintbenoit-mayombe.org\/wp-content\/uploads\/2020\/12\/encadrement-des-jeunes-deoeuvre2.jpg 800w, https:\/\/www.saintbenoit-mayombe.org\/wp-content\/uploads\/2020\/12\/encadrement-des-jeunes-deoeuvre2-293x300.jpg 293w, https:\/\/www.saintbenoit-mayombe.org\/wp-content\/uploads\/2020\/12\/encadrement-des-jeunes-deoeuvre2-768x787.jpg 768w\" sizes=\"(max-width: 800px) 100vw, 800px\" \/><figcaption>Un jeune qui apprend \u00e0 planter<\/figcaption><\/figure>\n\n\n\n<figure class=\"wp-block-image size-large\"><img  title=\"\" loading=\"lazy\" width=\"800\" height=\"820\" data-id=\"90\"  src=\"https:\/\/www.saintbenoit-mayombe.org\/wp-content\/uploads\/2020\/12\/labourer-la-terre-avec-femmes.jpg\"  alt=\"labourer-la-terre-avec-femmes Nos p\u00e9pini\u00e8res\"  class=\"wp-image-90\" srcset=\"https:\/\/www.saintbenoit-mayombe.org\/wp-content\/uploads\/2020\/12\/labourer-la-terre-avec-femmes.jpg 800w, https:\/\/www.saintbenoit-mayombe.org\/wp-content\/uploads\/2020\/12\/labourer-la-terre-avec-femmes-293x300.jpg 293w, https:\/\/www.saintbenoit-mayombe.org\/wp-content\/uploads\/2020\/12\/labourer-la-terre-avec-femmes-768x787.jpg 768w\" sizes=\"(max-width: 800px) 100vw, 800px\" \/><figcaption>la mise en terre des plantules<\/figcaption><\/figure>\n\n\n\n<figure class=\"wp-block-image size-large\"><img  title=\"\" loading=\"lazy\" width=\"800\" height=\"820\" data-id=\"91\"  src=\"https:\/\/www.saintbenoit-mayombe.org\/wp-content\/uploads\/2020\/12\/pepiniere-cacao.jpg\"  alt=\"pepiniere-cacao Nos p\u00e9pini\u00e8res\"  class=\"wp-image-91\" srcset=\"https:\/\/www.saintbenoit-mayombe.org\/wp-content\/uploads\/2020\/12\/pepiniere-cacao.jpg 800w, https:\/\/www.saintbenoit-mayombe.org\/wp-content\/uploads\/2020\/12\/pepiniere-cacao-293x300.jpg 293w, https:\/\/www.saintbenoit-mayombe.org\/wp-content\/uploads\/2020\/12\/pepiniere-cacao-768x787.jpg 768w\" sizes=\"(max-width: 800px) 100vw, 800px\" \/><figcaption>p\u00e9pini\u00e8re<\/figcaption><\/figure>\n\n\n\n<figure class=\"wp-block-image size-large\"><img  title=\"\" loading=\"lazy\" width=\"800\" height=\"820\" data-id=\"92\"  src=\"https:\/\/www.saintbenoit-mayombe.org\/wp-content\/uploads\/2020\/12\/pepiniere-kamba.jpg\"  alt=\"pepiniere-kamba Nos p\u00e9pini\u00e8res\"  class=\"wp-image-92\" srcset=\"https:\/\/www.saintbenoit-mayombe.org\/wp-content\/uploads\/2020\/12\/pepiniere-kamba.jpg 800w, https:\/\/www.saintbenoit-mayombe.org\/wp-content\/uploads\/2020\/12\/pepiniere-kamba-293x300.jpg 293w, https:\/\/www.saintbenoit-mayombe.org\/wp-content\/uploads\/2020\/12\/pepiniere-kamba-768x787.jpg 768w\" sizes=\"(max-width: 800px) 100vw, 800px\" \/><figcaption>germoirs<br><\/figcaption><\/figure>\n<\/figure>\n\n\n\n<p>L&rsquo;\u0153uvre Saint Benoit fait de la protection de l&rsquo;environnement son cheval de bataille, car, les cons\u00e9quences des changements climatiques sont d\u00e9j\u00e0 perceptibles m\u00eame dans nos villages.<\/p>\n\n\n\n<p>En effet, la premi\u00e8re action entreprise est la mise en place des p\u00e9pini\u00e8res :<\/p>\n\n\n\n<div class=\"wp-block-columns\">\n<div class=\"wp-block-column\" style=\"flex-basis:100%\">\n<div class=\"wp-container-4 wp-block-group\"><div class=\"wp-block-group__inner-container\">\n<div class=\"wp-container-3 wp-block-group\"><div class=\"wp-block-group__inner-container\">\n<div class=\"wp-block-columns are-vertically-aligned-top\">\n<div class=\"wp-block-column is-vertically-aligned-top\" style=\"flex-basis:100%\">\n<div class=\"wp-container-1 wp-block-group\"><div class=\"wp-block-group__inner-container\">\n<figure class=\"wp-block-gallery alignleft has-nested-images columns-default is-cropped\">\n<figure class=\"wp-block-image size-large\"><img  title=\"\" loading=\"lazy\" width=\"1024\" height=\"768\" src=\"https:\/\/www.saintbenoit-mayombe.org\/wp-content\/uploads\/2021\/03\/SAM_2694-1024x768.jpg\"  alt=\"SAM_2694-1024x768 Nos p\u00e9pini\u00e8res\"  class=\"wp-image-194\" srcset=\"https:\/\/www.saintbenoit-mayombe.org\/wp-content\/uploads\/2021\/03\/SAM_2694-1024x768.jpg 1024w, https:\/\/www.saintbenoit-mayombe.org\/wp-content\/uploads\/2021\/03\/SAM_2694-300x225.jpg 300w, https:\/\/www.saintbenoit-mayombe.org\/wp-content\/uploads\/2021\/03\/SAM_2694-768x576.jpg 768w, https:\/\/www.saintbenoit-mayombe.org\/wp-content\/uploads\/2021\/03\/SAM_2694-1536x1152.jpg 1536w, https:\/\/www.saintbenoit-mayombe.org\/wp-content\/uploads\/2021\/03\/SAM_2694-2048x1536.jpg 2048w\" sizes=\"(max-width: 1024px) 100vw, 1024px\" \/><figcaption><strong><span class=\"has-inline-color has-luminous-vivid-amber-color\">Kambala<\/span><\/strong><\/figcaption><\/figure>\n<\/figure>\n\n\n\n<figure class=\"wp-block-gallery alignleft has-nested-images columns-default is-cropped\">\n<figure class=\"wp-block-image size-large\"><img  title=\"\" loading=\"lazy\" width=\"1024\" height=\"768\" src=\"https:\/\/www.saintbenoit-mayombe.org\/wp-content\/uploads\/2021\/03\/1-1-1024x768.jpg\"  alt=\"1-1-1024x768 Nos p\u00e9pini\u00e8res\"  class=\"wp-image-199\" srcset=\"https:\/\/www.saintbenoit-mayombe.org\/wp-content\/uploads\/2021\/03\/1-1-1024x768.jpg 1024w, https:\/\/www.saintbenoit-mayombe.org\/wp-content\/uploads\/2021\/03\/1-1-300x225.jpg 300w, https:\/\/www.saintbenoit-mayombe.org\/wp-content\/uploads\/2021\/03\/1-1-768x576.jpg 768w, https:\/\/www.saintbenoit-mayombe.org\/wp-content\/uploads\/2021\/03\/1-1-1536x1152.jpg 1536w, https:\/\/www.saintbenoit-mayombe.org\/wp-content\/uploads\/2021\/03\/1-1-2048x1536.jpg 2048w\" sizes=\"(max-width: 1024px) 100vw, 1024px\" \/><figcaption><strong><span class=\"has-inline-color has-luminous-vivid-amber-color\">Limba<\/span><\/strong><\/figcaption><\/figure>\n<\/figure>\n\n\n\n<figure class=\"wp-block-gallery alignleft has-nested-images columns-default is-cropped\">\n<figure class=\"wp-block-image size-large\"><img  title=\"\" loading=\"lazy\" width=\"259\" height=\"195\" src=\"https:\/\/www.saintbenoit-mayombe.org\/wp-content\/uploads\/2021\/03\/cacoyer-2.jpg\"  alt=\"cacoyer-2 Nos p\u00e9pini\u00e8res\"  class=\"wp-image-209\"\/><\/figure>\n<\/figure>\n<\/div><\/div>\n<\/div>\n\n\n\n<div class=\"wp-block-column is-vertically-aligned-top\" style=\"flex-basis:100%\">\n<div class=\"wp-container-2 wp-block-group\"><div class=\"wp-block-group__inner-container\">\n<figure class=\"wp-block-gallery alignleft has-nested-images columns-default is-cropped\">\n<figure class=\"wp-block-image size-large\"><img  title=\"\" loading=\"lazy\" width=\"1024\" height=\"768\" src=\"https:\/\/www.saintbenoit-mayombe.org\/wp-content\/uploads\/2021\/03\/SAM_2685-1-1024x768.jpg\"  alt=\"SAM_2685-1-1024x768 Nos p\u00e9pini\u00e8res\"  class=\"wp-image-197\" srcset=\"https:\/\/www.saintbenoit-mayombe.org\/wp-content\/uploads\/2021\/03\/SAM_2685-1-1024x768.jpg 1024w, https:\/\/www.saintbenoit-mayombe.org\/wp-content\/uploads\/2021\/03\/SAM_2685-1-300x225.jpg 300w, https:\/\/www.saintbenoit-mayombe.org\/wp-content\/uploads\/2021\/03\/SAM_2685-1-768x576.jpg 768w, https:\/\/www.saintbenoit-mayombe.org\/wp-content\/uploads\/2021\/03\/SAM_2685-1-1536x1152.jpg 1536w, https:\/\/www.saintbenoit-mayombe.org\/wp-content\/uploads\/2021\/03\/SAM_2685-1-2048x1536.jpg 2048w\" sizes=\"(max-width: 1024px) 100vw, 1024px\" \/><figcaption>&#8230;<\/figcaption><\/figure>\n<\/figure>\n\n\n\n<figure class=\"wp-block-gallery alignleft has-nested-images columns-default is-cropped\">\n<figure class=\"wp-block-image size-large\"><img  title=\"\" loading=\"lazy\" width=\"1024\" height=\"768\" src=\"https:\/\/www.saintbenoit-mayombe.org\/wp-content\/uploads\/2021\/03\/SAM_2697-1-1024x768.jpg\"  alt=\"SAM_2697-1-1024x768 Nos p\u00e9pini\u00e8res\"  class=\"wp-image-198\" srcset=\"https:\/\/www.saintbenoit-mayombe.org\/wp-content\/uploads\/2021\/03\/SAM_2697-1-1024x768.jpg 1024w, https:\/\/www.saintbenoit-mayombe.org\/wp-content\/uploads\/2021\/03\/SAM_2697-1-300x225.jpg 300w, https:\/\/www.saintbenoit-mayombe.org\/wp-content\/uploads\/2021\/03\/SAM_2697-1-768x576.jpg 768w, https:\/\/www.saintbenoit-mayombe.org\/wp-content\/uploads\/2021\/03\/SAM_2697-1-1536x1152.jpg 1536w, https:\/\/www.saintbenoit-mayombe.org\/wp-content\/uploads\/2021\/03\/SAM_2697-1-2048x1536.jpg 2048w\" sizes=\"(max-width: 1024px) 100vw, 1024px\" \/><figcaption><strong><span class=\"has-inline-color has-luminous-vivid-amber-color\">Eucalyptus<\/span><\/strong><\/figcaption><\/figure>\n<\/figure>\n\n\n\n<figure class=\"wp-block-gallery alignleft has-nested-images columns-default is-cropped\">\n<figure class=\"wp-block-image size-large\"><img  title=\"\" loading=\"lazy\" width=\"1024\" height=\"768\" src=\"https:\/\/www.saintbenoit-mayombe.org\/wp-content\/uploads\/2021\/03\/SAM_2687-1-1-1024x768.jpg\"  alt=\"SAM_2687-1-1-1024x768 Nos p\u00e9pini\u00e8res\"  class=\"wp-image-204\" srcset=\"https:\/\/www.saintbenoit-mayombe.org\/wp-content\/uploads\/2021\/03\/SAM_2687-1-1-1024x768.jpg 1024w, https:\/\/www.saintbenoit-mayombe.org\/wp-content\/uploads\/2021\/03\/SAM_2687-1-1-300x225.jpg 300w, https:\/\/www.saintbenoit-mayombe.org\/wp-content\/uploads\/2021\/03\/SAM_2687-1-1-768x576.jpg 768w, https:\/\/www.saintbenoit-mayombe.org\/wp-content\/uploads\/2021\/03\/SAM_2687-1-1-1536x1152.jpg 1536w, https:\/\/www.saintbenoit-mayombe.org\/wp-content\/uploads\/2021\/03\/SAM_2687-1-1-2048x1536.jpg 2048w\" sizes=\"(max-width: 1024px) 100vw, 1024px\" \/><figcaption>&#8230;<\/figcaption><\/figure>\n<\/figure>\n<\/div><\/div>\n<\/div>\n<\/div>\n\n\n\n<p>Ces p\u00e9pini\u00e8res nous permettrons de proc\u00e9der \u00e0 un d\u00e9but de reboisement et de formation des blocs forestiers.  L&rsquo;une de fonctions majeures de ces p\u00e9pini\u00e8res est de continuer \u00e0 assurer le maintien en vie de la foret et de la savane telles qu&rsquo;elles ont exist\u00e9 dans les ann\u00e9es 1940.<\/p>\n<\/div><\/div>\n<\/div><\/div>\n<\/div>\n<\/div>\n\n\n\n<p><strong>LA<\/strong> <strong>TRANSITION ECOLOGIQUE<\/strong><\/p>\n\n\n\n<p class=\"has-text-align-left\">Dans la recherche de solutions au probl\u00e8me du changement climatique, une attention particuli\u00e8re est accord\u00e9e aux arbres fruitiers \u00e0 l\u2019occurrence les essences foresti\u00e8res, le cacaoyer, les orangers, le pamplemoussier et les safoutiers. L\u2019id\u00e9e est de couvrir une grande \u00e9tendue en vue d\u2019obtenir le cr\u00e9dit carbone.&nbsp; Ci-dessous, vous trouverez les diff\u00e9rentes p\u00e9pini\u00e8res de ces esp\u00e8ces&nbsp;<\/p>\n\n\n\n<figure class=\"wp-block-gallery has-nested-images columns-default is-cropped\">\n<figure class=\"wp-block-image size-large\"><img  title=\"\" loading=\"lazy\" width=\"768\" height=\"1024\" data-id=\"461\"  src=\"https:\/\/www.saintbenoit-mayombe.org\/wp-content\/uploads\/2021\/06\/IMG-20210607-WA0029-768x1024.jpg\"  alt=\"IMG-20210607-WA0029-768x1024 Nos p\u00e9pini\u00e8res\"  class=\"wp-image-461\" srcset=\"https:\/\/www.saintbenoit-mayombe.org\/wp-content\/uploads\/2021\/06\/IMG-20210607-WA0029-768x1024.jpg 768w, https:\/\/www.saintbenoit-mayombe.org\/wp-content\/uploads\/2021\/06\/IMG-20210607-WA0029-225x300.jpg 225w, https:\/\/www.saintbenoit-mayombe.org\/wp-content\/uploads\/2021\/06\/IMG-20210607-WA0029.jpg 780w\" sizes=\"(max-width: 768px) 100vw, 768px\" \/><\/figure>\n\n\n\n<figure class=\"wp-block-image size-large\"><img  title=\"\" loading=\"lazy\" width=\"768\" height=\"1024\" data-id=\"462\"  src=\"https:\/\/www.saintbenoit-mayombe.org\/wp-content\/uploads\/2021\/06\/IMG-20210607-WA0030-768x1024.jpg\"  alt=\"IMG-20210607-WA0030-768x1024 Nos p\u00e9pini\u00e8res\"  class=\"wp-image-462\" srcset=\"https:\/\/www.saintbenoit-mayombe.org\/wp-content\/uploads\/2021\/06\/IMG-20210607-WA0030-768x1024.jpg 768w, https:\/\/www.saintbenoit-mayombe.org\/wp-content\/uploads\/2021\/06\/IMG-20210607-WA0030-225x300.jpg 225w, https:\/\/www.saintbenoit-mayombe.org\/wp-content\/uploads\/2021\/06\/IMG-20210607-WA0030.jpg 780w\" sizes=\"(max-width: 768px) 100vw, 768px\" \/><\/figure>\n\n\n\n<figure class=\"wp-block-image size-large\"><img  title=\"\" loading=\"lazy\" width=\"768\" height=\"1024\" data-id=\"463\"  src=\"https:\/\/www.saintbenoit-mayombe.org\/wp-content\/uploads\/2021\/06\/IMG-20210607-WA0031-768x1024.jpg\"  alt=\"IMG-20210607-WA0031-768x1024 Nos p\u00e9pini\u00e8res\"  class=\"wp-image-463\" srcset=\"https:\/\/www.saintbenoit-mayombe.org\/wp-content\/uploads\/2021\/06\/IMG-20210607-WA0031-768x1024.jpg 768w, https:\/\/www.saintbenoit-mayombe.org\/wp-content\/uploads\/2021\/06\/IMG-20210607-WA0031-225x300.jpg 225w, https:\/\/www.saintbenoit-mayombe.org\/wp-content\/uploads\/2021\/06\/IMG-20210607-WA0031.jpg 780w\" sizes=\"(max-width: 768px) 100vw, 768px\" \/><\/figure>\n\n\n\n<figure class=\"wp-block-image size-large\"><img  title=\"\" loading=\"lazy\" width=\"768\" height=\"1024\" data-id=\"464\"  src=\"https:\/\/www.saintbenoit-mayombe.org\/wp-content\/uploads\/2021\/06\/IMG-20210607-WA0032-768x1024.jpg\"  alt=\"IMG-20210607-WA0032-768x1024 Nos p\u00e9pini\u00e8res\"  class=\"wp-image-464\" srcset=\"https:\/\/www.saintbenoit-mayombe.org\/wp-content\/uploads\/2021\/06\/IMG-20210607-WA0032-768x1024.jpg 768w, https:\/\/www.saintbenoit-mayombe.org\/wp-content\/uploads\/2021\/06\/IMG-20210607-WA0032-225x300.jpg 225w, https:\/\/www.saintbenoit-mayombe.org\/wp-content\/uploads\/2021\/06\/IMG-20210607-WA0032.jpg 780w\" sizes=\"(max-width: 768px) 100vw, 768px\" \/><\/figure>\n\n\n\n<figure class=\"wp-block-image size-large\"><img  title=\"\" loading=\"lazy\" width=\"768\" height=\"1024\" data-id=\"465\"  src=\"https:\/\/www.saintbenoit-mayombe.org\/wp-content\/uploads\/2021\/06\/IMG-20210607-WA0033-768x1024.jpg\"  alt=\"IMG-20210607-WA0033-768x1024 Nos p\u00e9pini\u00e8res\"  class=\"wp-image-465\" srcset=\"https:\/\/www.saintbenoit-mayombe.org\/wp-content\/uploads\/2021\/06\/IMG-20210607-WA0033-768x1024.jpg 768w, https:\/\/www.saintbenoit-mayombe.org\/wp-content\/uploads\/2021\/06\/IMG-20210607-WA0033-225x300.jpg 225w, https:\/\/www.saintbenoit-mayombe.org\/wp-content\/uploads\/2021\/06\/IMG-20210607-WA0033.jpg 780w\" sizes=\"(max-width: 768px) 100vw, 768px\" \/><\/figure>\n\n\n\n<figure class=\"wp-block-image size-large\"><img  title=\"\" loading=\"lazy\" width=\"1024\" height=\"768\" data-id=\"466\"  src=\"https:\/\/www.saintbenoit-mayombe.org\/wp-content\/uploads\/2021\/06\/IMG-20210611-WA0004-1024x768.jpg\"  alt=\"IMG-20210611-WA0004-1024x768 Nos p\u00e9pini\u00e8res\"  class=\"wp-image-466\" srcset=\"https:\/\/www.saintbenoit-mayombe.org\/wp-content\/uploads\/2021\/06\/IMG-20210611-WA0004-1024x768.jpg 1024w, https:\/\/www.saintbenoit-mayombe.org\/wp-content\/uploads\/2021\/06\/IMG-20210611-WA0004-300x225.jpg 300w, https:\/\/www.saintbenoit-mayombe.org\/wp-content\/uploads\/2021\/06\/IMG-20210611-WA0004-768x576.jpg 768w, https:\/\/www.saintbenoit-mayombe.org\/wp-content\/uploads\/2021\/06\/IMG-20210611-WA0004.jpg 1040w\" sizes=\"(max-width: 1024px) 100vw, 1024px\" \/><\/figure>\n\n\n\n<figure class=\"wp-block-image size-large\"><img  title=\"\" loading=\"lazy\" width=\"1024\" height=\"768\" data-id=\"467\"  src=\"https:\/\/www.saintbenoit-mayombe.org\/wp-content\/uploads\/2021\/06\/IMG-20210611-WA0005-1024x768.jpg\"  alt=\"IMG-20210611-WA0005-1024x768 Nos p\u00e9pini\u00e8res\"  class=\"wp-image-467\" srcset=\"https:\/\/www.saintbenoit-mayombe.org\/wp-content\/uploads\/2021\/06\/IMG-20210611-WA0005-1024x768.jpg 1024w, https:\/\/www.saintbenoit-mayombe.org\/wp-content\/uploads\/2021\/06\/IMG-20210611-WA0005-300x225.jpg 300w, https:\/\/www.saintbenoit-mayombe.org\/wp-content\/uploads\/2021\/06\/IMG-20210611-WA0005-768x576.jpg 768w, https:\/\/www.saintbenoit-mayombe.org\/wp-content\/uploads\/2021\/06\/IMG-20210611-WA0005.jpg 1040w\" sizes=\"(max-width: 1024px) 100vw, 1024px\" \/><\/figure>\n\n\n\n<figure class=\"wp-block-image size-large\"><img  title=\"\" loading=\"lazy\" width=\"1024\" height=\"768\" data-id=\"468\"  src=\"https:\/\/www.saintbenoit-mayombe.org\/wp-content\/uploads\/2021\/06\/IMG-20210611-WA0007-1024x768.jpg\"  alt=\"IMG-20210611-WA0007-1024x768 Nos p\u00e9pini\u00e8res\"  class=\"wp-image-468\" srcset=\"https:\/\/www.saintbenoit-mayombe.org\/wp-content\/uploads\/2021\/06\/IMG-20210611-WA0007-1024x768.jpg 1024w, https:\/\/www.saintbenoit-mayombe.org\/wp-content\/uploads\/2021\/06\/IMG-20210611-WA0007-300x225.jpg 300w, https:\/\/www.saintbenoit-mayombe.org\/wp-content\/uploads\/2021\/06\/IMG-20210611-WA0007-768x576.jpg 768w, https:\/\/www.saintbenoit-mayombe.org\/wp-content\/uploads\/2021\/06\/IMG-20210611-WA0007.jpg 1040w\" sizes=\"(max-width: 1024px) 100vw, 1024px\" \/><\/figure>\n<\/figure>\n\n\n\n<h2>VISITE DES ADMINISTRATEURS DE SOCIAL ECOLOGY EDUCATION FUND<\/h2>\n\n\n\n<p>I<strong>l s&rsquo;agit bel et bien de Frederick et Patrizia, Administrateurs de cette Association de droit Belge. Comme tel, ils facilitent l&rsquo;acc\u00e8s au financement \u00e0 l&rsquo;\u0152uvre Saint Beno\u00eet. Visite du 4 au 11 juillet 2022 pour l&rsquo;\u00e9valuation et le suivi du projet de Reboisement.<\/strong><\/p>\n\n\n\n<figure class=\"wp-block-gallery has-nested-images columns-default is-cropped\">\n<figure class=\"wp-block-image size-large\"><img  title=\"\" loading=\"lazy\" width=\"1024\" height=\"768\" data-id=\"716\"  src=\"https:\/\/www.saintbenoit-mayombe.org\/wp-content\/uploads\/2022\/08\/IMG-20220811-WA0010-1024x768.jpg\"  alt=\"IMG-20220811-WA0010-1024x768 Nos p\u00e9pini\u00e8res\"  class=\"wp-image-716\" srcset=\"https:\/\/www.saintbenoit-mayombe.org\/wp-content\/uploads\/2022\/08\/IMG-20220811-WA0010-1024x768.jpg 1024w, https:\/\/www.saintbenoit-mayombe.org\/wp-content\/uploads\/2022\/08\/IMG-20220811-WA0010-300x225.jpg 300w, https:\/\/www.saintbenoit-mayombe.org\/wp-content\/uploads\/2022\/08\/IMG-20220811-WA0010-768x576.jpg 768w, https:\/\/www.saintbenoit-mayombe.org\/wp-content\/uploads\/2022\/08\/IMG-20220811-WA0010.jpg 1040w\" sizes=\"(max-width: 1024px) 100vw, 1024px\" \/><\/figure>\n\n\n\n<figure class=\"wp-block-image size-large\"><img  title=\"\" loading=\"lazy\" width=\"768\" height=\"1024\" data-id=\"717\"  src=\"https:\/\/www.saintbenoit-mayombe.org\/wp-content\/uploads\/2022\/08\/IMG-20220811-WA0016-768x1024.jpg\"  alt=\"IMG-20220811-WA0016-768x1024 Nos p\u00e9pini\u00e8res\"  class=\"wp-image-717\" srcset=\"https:\/\/www.saintbenoit-mayombe.org\/wp-content\/uploads\/2022\/08\/IMG-20220811-WA0016-768x1024.jpg 768w, https:\/\/www.saintbenoit-mayombe.org\/wp-content\/uploads\/2022\/08\/IMG-20220811-WA0016-225x300.jpg 225w, https:\/\/www.saintbenoit-mayombe.org\/wp-content\/uploads\/2022\/08\/IMG-20220811-WA0016.jpg 780w\" sizes=\"(max-width: 768px) 100vw, 768px\" \/><\/figure>\n\n\n\n<figure class=\"wp-block-image size-large\"><img  title=\"\" loading=\"lazy\" width=\"768\" height=\"1024\" data-id=\"720\"  src=\"https:\/\/www.saintbenoit-mayombe.org\/wp-content\/uploads\/2022\/08\/IMG-20220811-WA0017-768x1024.jpg\"  alt=\"IMG-20220811-WA0017-768x1024 Nos p\u00e9pini\u00e8res\"  class=\"wp-image-720\" srcset=\"https:\/\/www.saintbenoit-mayombe.org\/wp-content\/uploads\/2022\/08\/IMG-20220811-WA0017-768x1024.jpg 768w, https:\/\/www.saintbenoit-mayombe.org\/wp-content\/uploads\/2022\/08\/IMG-20220811-WA0017-225x300.jpg 225w, https:\/\/www.saintbenoit-mayombe.org\/wp-content\/uploads\/2022\/08\/IMG-20220811-WA0017.jpg 780w\" sizes=\"(max-width: 768px) 100vw, 768px\" \/><\/figure>\n\n\n\n<figure class=\"wp-block-image size-large\"><img  title=\"\" loading=\"lazy\" width=\"1024\" height=\"768\" data-id=\"719\"  src=\"https:\/\/www.saintbenoit-mayombe.org\/wp-content\/uploads\/2022\/08\/IMG-20220811-WA0018-1024x768.jpg\"  alt=\"IMG-20220811-WA0018-1024x768 Nos p\u00e9pini\u00e8res\"  class=\"wp-image-719\" srcset=\"https:\/\/www.saintbenoit-mayombe.org\/wp-content\/uploads\/2022\/08\/IMG-20220811-WA0018-1024x768.jpg 1024w, https:\/\/www.saintbenoit-mayombe.org\/wp-content\/uploads\/2022\/08\/IMG-20220811-WA0018-300x225.jpg 300w, https:\/\/www.saintbenoit-mayombe.org\/wp-content\/uploads\/2022\/08\/IMG-20220811-WA0018-768x576.jpg 768w, https:\/\/www.saintbenoit-mayombe.org\/wp-content\/uploads\/2022\/08\/IMG-20220811-WA0018.jpg 1040w\" sizes=\"(max-width: 1024px) 100vw, 1024px\" \/><\/figure>\n\n\n\n<figure class=\"wp-block-image size-large\"><img  title=\"\" loading=\"lazy\" width=\"768\" height=\"1024\" data-id=\"722\"  src=\"https:\/\/www.saintbenoit-mayombe.org\/wp-content\/uploads\/2022\/08\/IMG-20220811-WA0019-768x1024.jpg\"  alt=\"IMG-20220811-WA0019-768x1024 Nos p\u00e9pini\u00e8res\"  class=\"wp-image-722\" srcset=\"https:\/\/www.saintbenoit-mayombe.org\/wp-content\/uploads\/2022\/08\/IMG-20220811-WA0019-768x1024.jpg 768w, https:\/\/www.saintbenoit-mayombe.org\/wp-content\/uploads\/2022\/08\/IMG-20220811-WA0019-225x300.jpg 225w, https:\/\/www.saintbenoit-mayombe.org\/wp-content\/uploads\/2022\/08\/IMG-20220811-WA0019.jpg 780w\" sizes=\"(max-width: 768px) 100vw, 768px\" \/><\/figure>\n\n\n\n<figure class=\"wp-block-image size-large\"><img  title=\"\" loading=\"lazy\" width=\"768\" height=\"1024\" data-id=\"721\"  src=\"https:\/\/www.saintbenoit-mayombe.org\/wp-content\/uploads\/2022\/08\/IMG-20220811-WA0020-768x1024.jpg\"  alt=\"IMG-20220811-WA0020-768x1024 Nos p\u00e9pini\u00e8res\"  class=\"wp-image-721\" srcset=\"https:\/\/www.saintbenoit-mayombe.org\/wp-content\/uploads\/2022\/08\/IMG-20220811-WA0020-768x1024.jpg 768w, https:\/\/www.saintbenoit-mayombe.org\/wp-content\/uploads\/2022\/08\/IMG-20220811-WA0020-225x300.jpg 225w, https:\/\/www.saintbenoit-mayombe.org\/wp-content\/uploads\/2022\/08\/IMG-20220811-WA0020.jpg 780w\" sizes=\"(max-width: 768px) 100vw, 768px\" \/><\/figure>\n\n\n\n<figure class=\"wp-block-image size-large\"><img  title=\"\" loading=\"lazy\" width=\"1024\" height=\"768\" data-id=\"718\"  src=\"https:\/\/www.saintbenoit-mayombe.org\/wp-content\/uploads\/2022\/08\/IMG-20220811-WA0024-1024x768.jpg\"  alt=\"IMG-20220811-WA0024-1024x768 Nos p\u00e9pini\u00e8res\"  class=\"wp-image-718\" srcset=\"https:\/\/www.saintbenoit-mayombe.org\/wp-content\/uploads\/2022\/08\/IMG-20220811-WA0024-1024x768.jpg 1024w, https:\/\/www.saintbenoit-mayombe.org\/wp-content\/uploads\/2022\/08\/IMG-20220811-WA0024-300x225.jpg 300w, https:\/\/www.saintbenoit-mayombe.org\/wp-content\/uploads\/2022\/08\/IMG-20220811-WA0024-768x576.jpg 768w, https:\/\/www.saintbenoit-mayombe.org\/wp-content\/uploads\/2022\/08\/IMG-20220811-WA0024.jpg 1040w\" sizes=\"(max-width: 1024px) 100vw, 1024px\" \/><\/figure>\n<\/figure>\n\n\n\n<h2>SEJOUR DE Frederick ET Patrizia EN RDC AU KONGO CENTRAL<\/h2>\n\n\n\n<p><strong>Avec la collaboration bien entendue de l&rsquo;\u0152uvre Saint Beno\u00eet.<\/strong><\/p>\n\n\n\n<figure class=\"wp-block-gallery has-nested-images columns-default is-cropped\">\n<figure class=\"wp-block-image size-large\"><img  title=\"\" loading=\"lazy\" width=\"1024\" height=\"768\" data-id=\"725\"  src=\"https:\/\/www.saintbenoit-mayombe.org\/wp-content\/uploads\/2022\/08\/IMG-20220811-WA0011-1024x768.jpg\"  alt=\"IMG-20220811-WA0011-1024x768 Nos p\u00e9pini\u00e8res\"  class=\"wp-image-725\" srcset=\"https:\/\/www.saintbenoit-mayombe.org\/wp-content\/uploads\/2022\/08\/IMG-20220811-WA0011-1024x768.jpg 1024w, https:\/\/www.saintbenoit-mayombe.org\/wp-content\/uploads\/2022\/08\/IMG-20220811-WA0011-300x225.jpg 300w, https:\/\/www.saintbenoit-mayombe.org\/wp-content\/uploads\/2022\/08\/IMG-20220811-WA0011-768x576.jpg 768w, https:\/\/www.saintbenoit-mayombe.org\/wp-content\/uploads\/2022\/08\/IMG-20220811-WA0011.jpg 1040w\" sizes=\"(max-width: 1024px) 100vw, 1024px\" \/><\/figure>\n\n\n\n<figure class=\"wp-block-image size-large\"><img  title=\"\" loading=\"lazy\" width=\"744\" height=\"992\" data-id=\"726\"  src=\"https:\/\/www.saintbenoit-mayombe.org\/wp-content\/uploads\/2022\/08\/IMG-20220811-WA0022.jpg\"  alt=\"IMG-20220811-WA0022 Nos p\u00e9pini\u00e8res\"  class=\"wp-image-726\" srcset=\"https:\/\/www.saintbenoit-mayombe.org\/wp-content\/uploads\/2022\/08\/IMG-20220811-WA0022.jpg 744w, https:\/\/www.saintbenoit-mayombe.org\/wp-content\/uploads\/2022\/08\/IMG-20220811-WA0022-225x300.jpg 225w\" sizes=\"(max-width: 744px) 100vw, 744px\" \/><\/figure>\n\n\n\n<figure class=\"wp-block-image size-large\"><img  title=\"\" loading=\"lazy\" width=\"1024\" height=\"768\" data-id=\"730\"  src=\"https:\/\/www.saintbenoit-mayombe.org\/wp-content\/uploads\/2022\/08\/IMG-20220811-WA0023-1024x768.jpg\"  alt=\"IMG-20220811-WA0023-1024x768 Nos p\u00e9pini\u00e8res\"  class=\"wp-image-730\" srcset=\"https:\/\/www.saintbenoit-mayombe.org\/wp-content\/uploads\/2022\/08\/IMG-20220811-WA0023-1024x768.jpg 1024w, https:\/\/www.saintbenoit-mayombe.org\/wp-content\/uploads\/2022\/08\/IMG-20220811-WA0023-300x225.jpg 300w, https:\/\/www.saintbenoit-mayombe.org\/wp-content\/uploads\/2022\/08\/IMG-20220811-WA0023-768x576.jpg 768w, https:\/\/www.saintbenoit-mayombe.org\/wp-content\/uploads\/2022\/08\/IMG-20220811-WA0023.jpg 1040w\" sizes=\"(max-width: 1024px) 100vw, 1024px\" \/><\/figure>\n\n\n\n<figure class=\"wp-block-image size-large\"><img  title=\"\" loading=\"lazy\" width=\"768\" height=\"1024\" data-id=\"727\"  src=\"https:\/\/www.saintbenoit-mayombe.org\/wp-content\/uploads\/2022\/08\/IMG-20220811-WA0025-768x1024.jpg\"  alt=\"IMG-20220811-WA0025-768x1024 Nos p\u00e9pini\u00e8res\"  class=\"wp-image-727\" srcset=\"https:\/\/www.saintbenoit-mayombe.org\/wp-content\/uploads\/2022\/08\/IMG-20220811-WA0025-768x1024.jpg 768w, https:\/\/www.saintbenoit-mayombe.org\/wp-content\/uploads\/2022\/08\/IMG-20220811-WA0025-225x300.jpg 225w, https:\/\/www.saintbenoit-mayombe.org\/wp-content\/uploads\/2022\/08\/IMG-20220811-WA0025.jpg 780w\" sizes=\"(max-width: 768px) 100vw, 768px\" \/><\/figure>\n\n\n\n<figure class=\"wp-block-image size-large\"><img  title=\"\" loading=\"lazy\" width=\"1024\" height=\"768\" data-id=\"729\"  src=\"https:\/\/www.saintbenoit-mayombe.org\/wp-content\/uploads\/2022\/08\/IMG-20220811-WA0026-1024x768.jpg\"  alt=\"IMG-20220811-WA0026-1024x768 Nos p\u00e9pini\u00e8res\"  class=\"wp-image-729\" srcset=\"https:\/\/www.saintbenoit-mayombe.org\/wp-content\/uploads\/2022\/08\/IMG-20220811-WA0026-1024x768.jpg 1024w, https:\/\/www.saintbenoit-mayombe.org\/wp-content\/uploads\/2022\/08\/IMG-20220811-WA0026-300x225.jpg 300w, https:\/\/www.saintbenoit-mayombe.org\/wp-content\/uploads\/2022\/08\/IMG-20220811-WA0026-768x576.jpg 768w, https:\/\/www.saintbenoit-mayombe.org\/wp-content\/uploads\/2022\/08\/IMG-20220811-WA0026.jpg 1040w\" sizes=\"(max-width: 1024px) 100vw, 1024px\" \/><\/figure>\n\n\n\n<figure class=\"wp-block-image size-large\"><img  title=\"\" loading=\"lazy\" width=\"1024\" height=\"768\" data-id=\"731\"  src=\"https:\/\/www.saintbenoit-mayombe.org\/wp-content\/uploads\/2022\/08\/IMG-20220811-WA0027-1024x768.jpg\"  alt=\"IMG-20220811-WA0027-1024x768 Nos p\u00e9pini\u00e8res\"  class=\"wp-image-731\" srcset=\"https:\/\/www.saintbenoit-mayombe.org\/wp-content\/uploads\/2022\/08\/IMG-20220811-WA0027-1024x768.jpg 1024w, https:\/\/www.saintbenoit-mayombe.org\/wp-content\/uploads\/2022\/08\/IMG-20220811-WA0027-300x225.jpg 300w, https:\/\/www.saintbenoit-mayombe.org\/wp-content\/uploads\/2022\/08\/IMG-20220811-WA0027-768x576.jpg 768w, https:\/\/www.saintbenoit-mayombe.org\/wp-content\/uploads\/2022\/08\/IMG-20220811-WA0027.jpg 1040w\" sizes=\"(max-width: 1024px) 100vw, 1024px\" \/><\/figure>\n\n\n\n<figure class=\"wp-block-image size-large\"><img  title=\"\" loading=\"lazy\" width=\"1024\" height=\"768\" data-id=\"728\"  src=\"https:\/\/www.saintbenoit-mayombe.org\/wp-content\/uploads\/2022\/08\/IMG-20220811-WA0028-1024x768.jpg\"  alt=\"IMG-20220811-WA0028-1024x768 Nos p\u00e9pini\u00e8res\"  class=\"wp-image-728\" srcset=\"https:\/\/www.saintbenoit-mayombe.org\/wp-content\/uploads\/2022\/08\/IMG-20220811-WA0028-1024x768.jpg 1024w, https:\/\/www.saintbenoit-mayombe.org\/wp-content\/uploads\/2022\/08\/IMG-20220811-WA0028-300x225.jpg 300w, https:\/\/www.saintbenoit-mayombe.org\/wp-content\/uploads\/2022\/08\/IMG-20220811-WA0028-768x576.jpg 768w, https:\/\/www.saintbenoit-mayombe.org\/wp-content\/uploads\/2022\/08\/IMG-20220811-WA0028.jpg 1040w\" sizes=\"(max-width: 1024px) 100vw, 1024px\" \/><\/figure>\n<\/figure>\n\n\n\n<figure class=\"wp-block-gallery has-nested-images columns-default is-cropped\">\n<figure class=\"wp-block-image size-large\"><img  title=\"\" loading=\"lazy\" width=\"1024\" height=\"768\" data-id=\"732\"  src=\"https:\/\/www.saintbenoit-mayombe.org\/wp-content\/uploads\/2022\/08\/IMG-20220811-WA0023-1-1024x768.jpg\"  alt=\"IMG-20220811-WA0023-1-1024x768 Nos p\u00e9pini\u00e8res\"  class=\"wp-image-732\" srcset=\"https:\/\/www.saintbenoit-mayombe.org\/wp-content\/uploads\/2022\/08\/IMG-20220811-WA0023-1-1024x768.jpg 1024w, https:\/\/www.saintbenoit-mayombe.org\/wp-content\/uploads\/2022\/08\/IMG-20220811-WA0023-1-300x225.jpg 300w, https:\/\/www.saintbenoit-mayombe.org\/wp-content\/uploads\/2022\/08\/IMG-20220811-WA0023-1-768x576.jpg 768w, https:\/\/www.saintbenoit-mayombe.org\/wp-content\/uploads\/2022\/08\/IMG-20220811-WA0023-1.jpg 1040w\" sizes=\"(max-width: 1024px) 100vw, 1024px\" \/><\/figure>\n<figcaption class=\"blocks-gallery-caption\"><strong>D\u00eener du travail avec son Excellence Jos\u00e9-Claude MBIMBI, Ev\u00eaque de Boma.<\/strong><\/figcaption><\/figure>\n\n\n\n<p><\/p>\n","protected":false},"excerpt":{"rendered":"<p>NOS PEPINIERES Nous prenons soin de l&rsquo;environnement en plantant des arbres. Nous recyclons des sachets plastiques pour en faire des germoirs des plantes qui vont \u00eatre mises en terre par la suite. La main-d&rsquo;\u0153uvre est constitu\u00e9e des villageois, hommes, femmes et enfants qui en seront des premiers b\u00e9n\u00e9ficiaires. En le faisant, c&rsquo;est tout un travail [&hellip;]<\/p>\n","protected":false},"author":1,"featured_media":0,"parent":138,"menu_order":0,"comment_status":"closed","ping_status":"closed","template":"","meta":[],"yoast_head":"<!-- This site is optimized with the Yoast SEO plugin v17.8 - https:\/\/yoast.com\/wordpress\/plugins\/seo\/ -->\n<title>Nos p\u00e9pini\u00e8res - \u0152uvre Saint Benoit<\/title>\n<meta name=\"robots\" content=\"noindex, follow, max-snippet:-1, max-image-preview:large, max-video-preview:-1\" \/>\n<meta property=\"og:locale\" content=\"fr_FR\" \/>\n<meta property=\"og:type\" content=\"article\" \/>\n<meta property=\"og:title\" content=\"Nos p\u00e9pini\u00e8res - \u0152uvre Saint Benoit\" \/>\n<meta property=\"og:description\" content=\"NOS PEPINIERES Nous prenons soin de l&rsquo;environnement en plantant des arbres. Nous recyclons des sachets plastiques pour en faire des germoirs des plantes qui vont \u00eatre mises en terre par la suite. La main-d&rsquo;\u0153uvre est constitu\u00e9e des villageois, hommes, femmes et enfants qui en seront des premiers b\u00e9n\u00e9ficiaires. En le faisant, c&rsquo;est tout un travail [&hellip;]\" \/>\n<meta property=\"og:url\" content=\"https:\/\/www.saintbenoit-mayombe.org\/index.php\/environnement\/pepinieres\/\" \/>\n<meta property=\"og:site_name\" content=\"\u0152uvre Saint Benoit\" \/>\n<meta property=\"article:modified_time\" content=\"2025-08-26T11:04:32+00:00\" \/>\n<meta property=\"og:image\" content=\"https:\/\/www.saintbenoit-mayombe.org\/wp-content\/uploads\/2020\/12\/recyclage-sachet-pepiniere2.jpg\" \/>\n<meta name=\"twitter:card\" content=\"summary_large_image\" \/>\n<meta name=\"twitter:label1\" content=\"Dur\u00e9e de lecture estim\u00e9e\" \/>\n\t<meta name=\"twitter:data1\" content=\"9 minutes\" \/>\n<script type=\"application\/ld+json\" class=\"yoast-schema-graph\">{\"@context\":\"https:\/\/schema.org\",\"@graph\":[{\"@type\":\"WebSite\",\"@id\":\"https:\/\/www.saintbenoit-mayombe.org\/#website\",\"url\":\"https:\/\/www.saintbenoit-mayombe.org\/\",\"name\":\"\\u0152uvre Saint Benoit\",\"description\":\"Pour le d\\u00e9veloppement de tout l&#039;homme\",\"potentialAction\":[{\"@type\":\"SearchAction\",\"target\":{\"@type\":\"EntryPoint\",\"urlTemplate\":\"https:\/\/www.saintbenoit-mayombe.org\/?s={search_term_string}\"},\"query-input\":\"required name=search_term_string\"}],\"inLanguage\":\"fr-FR\"},{\"@type\":\"ImageObject\",\"@id\":\"https:\/\/www.saintbenoit-mayombe.org\/index.php\/environnement\/pepinieres\/#primaryimage\",\"inLanguage\":\"fr-FR\",\"url\":\"https:\/\/www.saintbenoit-mayombe.org\/wp-content\/uploads\/2020\/12\/recyclage-sachet-pepiniere2.jpg\",\"contentUrl\":\"https:\/\/www.saintbenoit-mayombe.org\/wp-content\/uploads\/2020\/12\/recyclage-sachet-pepiniere2.jpg\",\"width\":800,\"height\":820,\"caption\":\"SAMSUNG CAMERA PICTURES\"},{\"@type\":\"WebPage\",\"@id\":\"https:\/\/www.saintbenoit-mayombe.org\/index.php\/environnement\/pepinieres\/#webpage\",\"url\":\"https:\/\/www.saintbenoit-mayombe.org\/index.php\/environnement\/pepinieres\/\",\"name\":\"Nos p\\u00e9pini\\u00e8res - \\u0152uvre Saint Benoit\",\"isPartOf\":{\"@id\":\"https:\/\/www.saintbenoit-mayombe.org\/#website\"},\"primaryImageOfPage\":{\"@id\":\"https:\/\/www.saintbenoit-mayombe.org\/index.php\/environnement\/pepinieres\/#primaryimage\"},\"datePublished\":\"2021-03-16T15:47:01+00:00\",\"dateModified\":\"2025-08-26T11:04:32+00:00\",\"breadcrumb\":{\"@id\":\"https:\/\/www.saintbenoit-mayombe.org\/index.php\/environnement\/pepinieres\/#breadcrumb\"},\"inLanguage\":\"fr-FR\",\"potentialAction\":[{\"@type\":\"ReadAction\",\"target\":[\"https:\/\/www.saintbenoit-mayombe.org\/index.php\/environnement\/pepinieres\/\"]}]},{\"@type\":\"BreadcrumbList\",\"@id\":\"https:\/\/www.saintbenoit-mayombe.org\/index.php\/environnement\/pepinieres\/#breadcrumb\",\"itemListElement\":[{\"@type\":\"ListItem\",\"position\":1,\"name\":\"Home\",\"item\":\"https:\/\/www.saintbenoit-mayombe.org\/\"},{\"@type\":\"ListItem\",\"position\":2,\"name\":\"Environnement\",\"item\":\"https:\/\/www.saintbenoit-mayombe.org\/index.php\/environnement\/\"},{\"@type\":\"ListItem\",\"position\":3,\"name\":\"Nos p\\u00e9pini\\u00e8res\"}]}]}<\/script>\n<!-- \/ Yoast SEO plugin. -->","yoast_head_json":{"title":"Nos p\u00e9pini\u00e8res - \u0152uvre Saint Benoit","robots":{"index":"noindex","follow":"follow","max-snippet":"max-snippet:-1","max-image-preview":"max-image-preview:large","max-video-preview":"max-video-preview:-1"},"og_locale":"fr_FR","og_type":"article","og_title":"Nos p\u00e9pini\u00e8res - \u0152uvre Saint Benoit","og_description":"NOS PEPINIERES Nous prenons soin de l&rsquo;environnement en plantant des arbres. Nous recyclons des sachets plastiques pour en faire des germoirs des plantes qui vont \u00eatre mises en terre par la suite. La main-d&rsquo;\u0153uvre est constitu\u00e9e des villageois, hommes, femmes et enfants qui en seront des premiers b\u00e9n\u00e9ficiaires. En le faisant, c&rsquo;est tout un travail [&hellip;]","og_url":"https:\/\/www.saintbenoit-mayombe.org\/index.php\/environnement\/pepinieres\/","og_site_name":"\u0152uvre Saint Benoit","article_modified_time":"2025-08-26T11:04:32+00:00","og_image":[{"url":"https:\/\/www.saintbenoit-mayombe.org\/wp-content\/uploads\/2020\/12\/recyclage-sachet-pepiniere2.jpg"}],"twitter_card":"summary_large_image","twitter_misc":{"Dur\u00e9e de lecture estim\u00e9e":"9 minutes"},"schema":{"@context":"https:\/\/schema.org","@graph":[{"@type":"WebSite","@id":"https:\/\/www.saintbenoit-mayombe.org\/#website","url":"https:\/\/www.saintbenoit-mayombe.org\/","name":"\u0152uvre Saint Benoit","description":"Pour le d\u00e9veloppement de tout l&#039;homme","potentialAction":[{"@type":"SearchAction","target":{"@type":"EntryPoint","urlTemplate":"https:\/\/www.saintbenoit-mayombe.org\/?s={search_term_string}"},"query-input":"required name=search_term_string"}],"inLanguage":"fr-FR"},{"@type":"ImageObject","@id":"https:\/\/www.saintbenoit-mayombe.org\/index.php\/environnement\/pepinieres\/#primaryimage","inLanguage":"fr-FR","url":"https:\/\/www.saintbenoit-mayombe.org\/wp-content\/uploads\/2020\/12\/recyclage-sachet-pepiniere2.jpg","contentUrl":"https:\/\/www.saintbenoit-mayombe.org\/wp-content\/uploads\/2020\/12\/recyclage-sachet-pepiniere2.jpg","width":800,"height":820,"caption":"SAMSUNG CAMERA PICTURES"},{"@type":"WebPage","@id":"https:\/\/www.saintbenoit-mayombe.org\/index.php\/environnement\/pepinieres\/#webpage","url":"https:\/\/www.saintbenoit-mayombe.org\/index.php\/environnement\/pepinieres\/","name":"Nos p\u00e9pini\u00e8res - \u0152uvre Saint Benoit","isPartOf":{"@id":"https:\/\/www.saintbenoit-mayombe.org\/#website"},"primaryImageOfPage":{"@id":"https:\/\/www.saintbenoit-mayombe.org\/index.php\/environnement\/pepinieres\/#primaryimage"},"datePublished":"2021-03-16T15:47:01+00:00","dateModified":"2025-08-26T11:04:32+00:00","breadcrumb":{"@id":"https:\/\/www.saintbenoit-mayombe.org\/index.php\/environnement\/pepinieres\/#breadcrumb"},"inLanguage":"fr-FR","potentialAction":[{"@type":"ReadAction","target":["https:\/\/www.saintbenoit-mayombe.org\/index.php\/environnement\/pepinieres\/"]}]},{"@type":"BreadcrumbList","@id":"https:\/\/www.saintbenoit-mayombe.org\/index.php\/environnement\/pepinieres\/#breadcrumb","itemListElement":[{"@type":"ListItem","position":1,"name":"Home","item":"https:\/\/www.saintbenoit-mayombe.org\/"},{"@type":"ListItem","position":2,"name":"Environnement","item":"https:\/\/www.saintbenoit-mayombe.org\/index.php\/environnement\/"},{"@type":"ListItem","position":3,"name":"Nos p\u00e9pini\u00e8res"}]}]}},"_links":{"self":[{"href":"https:\/\/www.saintbenoit-mayombe.org\/index.php\/wp-json\/wp\/v2\/pages\/242"}],"collection":[{"href":"https:\/\/www.saintbenoit-mayombe.org\/index.php\/wp-json\/wp\/v2\/pages"}],"about":[{"href":"https:\/\/www.saintbenoit-mayombe.org\/index.php\/wp-json\/wp\/v2\/types\/page"}],"author":[{"embeddable":true,"href":"https:\/\/www.saintbenoit-mayombe.org\/index.php\/wp-json\/wp\/v2\/users\/1"}],"replies":[{"embeddable":true,"href":"https:\/\/www.saintbenoit-mayombe.org\/index.php\/wp-json\/wp\/v2\/comments?post=242"}],"version-history":[{"count":12,"href":"https:\/\/www.saintbenoit-mayombe.org\/index.php\/wp-json\/wp\/v2\/pages\/242\/revisions"}],"predecessor-version":[{"id":907,"href":"https:\/\/www.saintbenoit-mayombe.org\/index.php\/wp-json\/wp\/v2\/pages\/242\/revisions\/907"}],"up":[{"embeddable":true,"href":"https:\/\/www.saintbenoit-mayombe.org\/index.php\/wp-json\/wp\/v2\/pages\/138"}],"wp:attachment":[{"href":"https:\/\/www.saintbenoit-mayombe.org\/index.php\/wp-json\/wp\/v2\/media?parent=242"}],"curies":[{"name":"wp","href":"https:\/\/api.w.org\/{rel}","templated":true}]}}