{"id":660,"date":"2022-05-19T21:33:43","date_gmt":"2022-05-19T21:33:43","guid":{"rendered":"https:\/\/www.saintbenoit-mayombe.org\/?page_id=660"},"modified":"2023-05-14T16:43:07","modified_gmt":"2023-05-14T16:43:07","slug":"sensibilisation-et-education-a-lenvironnement","status":"publish","type":"page","link":"https:\/\/www.saintbenoit-mayombe.org\/index.php\/sensibilisation-et-education-a-lenvironnement\/","title":{"rendered":"Sensibilisation et \u00e9ducation \u00e0 l&rsquo;environnement"},"content":{"rendered":"\n<h2>ACCUEIL DES ELEVES STAGIAIRES <\/h2>\n\n\n\n<p><strong>L&rsquo;\u0152uvre Saint Benoit, OSB en sigle re\u00e7oit des \u00e9l\u00e8ves stagiaires en Agronomie de l&rsquo;Institut Luengisa. Apr\u00e8s une s\u00e9ance de sensibilisation, ils passent \u00e0 un  travail de terrain o\u00f9 ils sont invit\u00e9s chacun \u00e0 planter au moins un arbre. Il s&rsquo;agit d&rsquo;un travail pratique qui sera c\u00f4t\u00e9 par le Professeur.<\/strong><\/p>\n\n\n\n<figure class=\"wp-block-gallery has-nested-images columns-default is-cropped\">\n<figure class=\"wp-block-image size-large\"><img  title=\"\" loading=\"lazy\" width=\"1024\" height=\"768\" data-id=\"664\"  src=\"https:\/\/www.saintbenoit-mayombe.org\/wp-content\/uploads\/2022\/05\/IMG-20220519-WA0021-1024x768.jpg\"  alt=\"IMG-20220519-WA0021-1024x768 Sensibilisation et \u00e9ducation \u00e0 l&#039;environnement\"  class=\"wp-image-664\" srcset=\"https:\/\/www.saintbenoit-mayombe.org\/wp-content\/uploads\/2022\/05\/IMG-20220519-WA0021-1024x768.jpg 1024w, https:\/\/www.saintbenoit-mayombe.org\/wp-content\/uploads\/2022\/05\/IMG-20220519-WA0021-300x225.jpg 300w, https:\/\/www.saintbenoit-mayombe.org\/wp-content\/uploads\/2022\/05\/IMG-20220519-WA0021-768x576.jpg 768w, https:\/\/www.saintbenoit-mayombe.org\/wp-content\/uploads\/2022\/05\/IMG-20220519-WA0021.jpg 1040w\" sizes=\"(max-width: 1024px) 100vw, 1024px\" \/><\/figure>\n\n\n\n<figure class=\"wp-block-image size-large\"><img  title=\"\" loading=\"lazy\" width=\"1024\" height=\"768\" data-id=\"675\"  src=\"https:\/\/www.saintbenoit-mayombe.org\/wp-content\/uploads\/2022\/05\/IMG-20220519-WA0021-1-1024x768.jpg\"  alt=\"IMG-20220519-WA0021-1-1024x768 Sensibilisation et \u00e9ducation \u00e0 l&#039;environnement\"  class=\"wp-image-675\" srcset=\"https:\/\/www.saintbenoit-mayombe.org\/wp-content\/uploads\/2022\/05\/IMG-20220519-WA0021-1-1024x768.jpg 1024w, https:\/\/www.saintbenoit-mayombe.org\/wp-content\/uploads\/2022\/05\/IMG-20220519-WA0021-1-300x225.jpg 300w, https:\/\/www.saintbenoit-mayombe.org\/wp-content\/uploads\/2022\/05\/IMG-20220519-WA0021-1-768x576.jpg 768w, https:\/\/www.saintbenoit-mayombe.org\/wp-content\/uploads\/2022\/05\/IMG-20220519-WA0021-1.jpg 1040w\" sizes=\"(max-width: 1024px) 100vw, 1024px\" \/><\/figure>\n\n\n\n<figure class=\"wp-block-image size-large\"><img  title=\"\" loading=\"lazy\" width=\"1024\" height=\"768\" data-id=\"677\"  src=\"https:\/\/www.saintbenoit-mayombe.org\/wp-content\/uploads\/2022\/05\/IMG-20220519-WA0022-1-1024x768.jpg\"  alt=\"IMG-20220519-WA0022-1-1024x768 Sensibilisation et \u00e9ducation \u00e0 l&#039;environnement\"  class=\"wp-image-677\" srcset=\"https:\/\/www.saintbenoit-mayombe.org\/wp-content\/uploads\/2022\/05\/IMG-20220519-WA0022-1-1024x768.jpg 1024w, https:\/\/www.saintbenoit-mayombe.org\/wp-content\/uploads\/2022\/05\/IMG-20220519-WA0022-1-300x225.jpg 300w, https:\/\/www.saintbenoit-mayombe.org\/wp-content\/uploads\/2022\/05\/IMG-20220519-WA0022-1-768x576.jpg 768w, https:\/\/www.saintbenoit-mayombe.org\/wp-content\/uploads\/2022\/05\/IMG-20220519-WA0022-1.jpg 1040w\" sizes=\"(max-width: 1024px) 100vw, 1024px\" \/><\/figure>\n\n\n\n<figure class=\"wp-block-image size-large\"><img  title=\"\" loading=\"lazy\" width=\"1024\" height=\"768\" data-id=\"680\"  src=\"https:\/\/www.saintbenoit-mayombe.org\/wp-content\/uploads\/2022\/05\/IMG-20220519-WA0023-1-1024x768.jpg\"  alt=\"IMG-20220519-WA0023-1-1024x768 Sensibilisation et \u00e9ducation \u00e0 l&#039;environnement\"  class=\"wp-image-680\" srcset=\"https:\/\/www.saintbenoit-mayombe.org\/wp-content\/uploads\/2022\/05\/IMG-20220519-WA0023-1-1024x768.jpg 1024w, https:\/\/www.saintbenoit-mayombe.org\/wp-content\/uploads\/2022\/05\/IMG-20220519-WA0023-1-300x225.jpg 300w, https:\/\/www.saintbenoit-mayombe.org\/wp-content\/uploads\/2022\/05\/IMG-20220519-WA0023-1-768x576.jpg 768w, https:\/\/www.saintbenoit-mayombe.org\/wp-content\/uploads\/2022\/05\/IMG-20220519-WA0023-1.jpg 1040w\" sizes=\"(max-width: 1024px) 100vw, 1024px\" \/><\/figure>\n\n\n\n<figure class=\"wp-block-image size-large\"><img  title=\"\" loading=\"lazy\" width=\"1024\" height=\"768\" data-id=\"679\"  src=\"https:\/\/www.saintbenoit-mayombe.org\/wp-content\/uploads\/2022\/05\/IMG-20220519-WA0024-1-1024x768.jpg\"  alt=\"IMG-20220519-WA0024-1-1024x768 Sensibilisation et \u00e9ducation \u00e0 l&#039;environnement\"  class=\"wp-image-679\" srcset=\"https:\/\/www.saintbenoit-mayombe.org\/wp-content\/uploads\/2022\/05\/IMG-20220519-WA0024-1-1024x768.jpg 1024w, https:\/\/www.saintbenoit-mayombe.org\/wp-content\/uploads\/2022\/05\/IMG-20220519-WA0024-1-300x225.jpg 300w, https:\/\/www.saintbenoit-mayombe.org\/wp-content\/uploads\/2022\/05\/IMG-20220519-WA0024-1-768x576.jpg 768w, https:\/\/www.saintbenoit-mayombe.org\/wp-content\/uploads\/2022\/05\/IMG-20220519-WA0024-1.jpg 1040w\" sizes=\"(max-width: 1024px) 100vw, 1024px\" \/><\/figure>\n\n\n\n<figure class=\"wp-block-image size-large\"><img  title=\"\" loading=\"lazy\" width=\"1024\" height=\"768\" data-id=\"683\"  src=\"https:\/\/www.saintbenoit-mayombe.org\/wp-content\/uploads\/2022\/05\/IMG-20220519-WA0025-1-1024x768.jpg\"  alt=\"IMG-20220519-WA0025-1-1024x768 Sensibilisation et \u00e9ducation \u00e0 l&#039;environnement\"  class=\"wp-image-683\" srcset=\"https:\/\/www.saintbenoit-mayombe.org\/wp-content\/uploads\/2022\/05\/IMG-20220519-WA0025-1-1024x768.jpg 1024w, https:\/\/www.saintbenoit-mayombe.org\/wp-content\/uploads\/2022\/05\/IMG-20220519-WA0025-1-300x225.jpg 300w, https:\/\/www.saintbenoit-mayombe.org\/wp-content\/uploads\/2022\/05\/IMG-20220519-WA0025-1-768x576.jpg 768w, https:\/\/www.saintbenoit-mayombe.org\/wp-content\/uploads\/2022\/05\/IMG-20220519-WA0025-1.jpg 1040w\" sizes=\"(max-width: 1024px) 100vw, 1024px\" \/><\/figure>\n\n\n\n<figure class=\"wp-block-image size-large\"><img  title=\"\" loading=\"lazy\" width=\"1024\" height=\"768\" data-id=\"682\"  src=\"https:\/\/www.saintbenoit-mayombe.org\/wp-content\/uploads\/2022\/05\/IMG-20220519-WA0026-1-1024x768.jpg\"  alt=\"IMG-20220519-WA0026-1-1024x768 Sensibilisation et \u00e9ducation \u00e0 l&#039;environnement\"  class=\"wp-image-682\" srcset=\"https:\/\/www.saintbenoit-mayombe.org\/wp-content\/uploads\/2022\/05\/IMG-20220519-WA0026-1-1024x768.jpg 1024w, https:\/\/www.saintbenoit-mayombe.org\/wp-content\/uploads\/2022\/05\/IMG-20220519-WA0026-1-300x225.jpg 300w, https:\/\/www.saintbenoit-mayombe.org\/wp-content\/uploads\/2022\/05\/IMG-20220519-WA0026-1-768x576.jpg 768w, https:\/\/www.saintbenoit-mayombe.org\/wp-content\/uploads\/2022\/05\/IMG-20220519-WA0026-1.jpg 1040w\" sizes=\"(max-width: 1024px) 100vw, 1024px\" \/><\/figure>\n\n\n\n<figure class=\"wp-block-image size-large\"><img  title=\"\" loading=\"lazy\" width=\"768\" height=\"1024\" data-id=\"681\"  src=\"https:\/\/www.saintbenoit-mayombe.org\/wp-content\/uploads\/2022\/05\/IMG-20220519-WA0027-1-768x1024.jpg\"  alt=\"IMG-20220519-WA0027-1-768x1024 Sensibilisation et \u00e9ducation \u00e0 l&#039;environnement\"  class=\"wp-image-681\" srcset=\"https:\/\/www.saintbenoit-mayombe.org\/wp-content\/uploads\/2022\/05\/IMG-20220519-WA0027-1-768x1024.jpg 768w, https:\/\/www.saintbenoit-mayombe.org\/wp-content\/uploads\/2022\/05\/IMG-20220519-WA0027-1-225x300.jpg 225w, https:\/\/www.saintbenoit-mayombe.org\/wp-content\/uploads\/2022\/05\/IMG-20220519-WA0027-1.jpg 780w\" sizes=\"(max-width: 768px) 100vw, 768px\" \/><\/figure>\n\n\n\n<figure class=\"wp-block-image size-large\"><img  title=\"\" loading=\"lazy\" width=\"768\" height=\"1024\" data-id=\"676\"  src=\"https:\/\/www.saintbenoit-mayombe.org\/wp-content\/uploads\/2022\/05\/IMG-20220519-WA0028-1-768x1024.jpg\"  alt=\"IMG-20220519-WA0028-1-768x1024 Sensibilisation et \u00e9ducation \u00e0 l&#039;environnement\"  class=\"wp-image-676\" srcset=\"https:\/\/www.saintbenoit-mayombe.org\/wp-content\/uploads\/2022\/05\/IMG-20220519-WA0028-1-768x1024.jpg 768w, https:\/\/www.saintbenoit-mayombe.org\/wp-content\/uploads\/2022\/05\/IMG-20220519-WA0028-1-225x300.jpg 225w, https:\/\/www.saintbenoit-mayombe.org\/wp-content\/uploads\/2022\/05\/IMG-20220519-WA0028-1.jpg 780w\" sizes=\"(max-width: 768px) 100vw, 768px\" \/><\/figure>\n\n\n\n<figure class=\"wp-block-image size-large\"><img  title=\"\" loading=\"lazy\" width=\"768\" height=\"1024\" data-id=\"678\"  src=\"https:\/\/www.saintbenoit-mayombe.org\/wp-content\/uploads\/2022\/05\/IMG-20220519-WA0029-768x1024.jpg\"  alt=\"IMG-20220519-WA0029-768x1024 Sensibilisation et \u00e9ducation \u00e0 l&#039;environnement\"  class=\"wp-image-678\" srcset=\"https:\/\/www.saintbenoit-mayombe.org\/wp-content\/uploads\/2022\/05\/IMG-20220519-WA0029-768x1024.jpg 768w, https:\/\/www.saintbenoit-mayombe.org\/wp-content\/uploads\/2022\/05\/IMG-20220519-WA0029-225x300.jpg 225w, https:\/\/www.saintbenoit-mayombe.org\/wp-content\/uploads\/2022\/05\/IMG-20220519-WA0029.jpg 780w\" sizes=\"(max-width: 768px) 100vw, 768px\" \/><\/figure>\n<figcaption class=\"blocks-gallery-caption\">Stagiaires de l&rsquo;Institut Luengisa<\/figcaption><\/figure>\n\n\n\n<h2>EMISSION RADIO-TELEVISEE<\/h2>\n\n\n\n<p><strong>L&rsquo;\u0152uvre Saint Benoit fait de la sensibilisation et l&rsquo;\u00e9ducation \u00e0 l&rsquo;environnement son cheval de bataille. L&rsquo;Asbl appelle la population locale \u00e0 s&rsquo;approprier de la question environnementale pour la sauvegarde de la plan\u00e8te Terre, notre m\u00e8re.<\/strong><\/p>\n\n\n\n<figure class=\"wp-block-gallery has-nested-images columns-default is-cropped\">\n<figure class=\"wp-block-image size-large\"><img  title=\"\" loading=\"lazy\" width=\"1024\" height=\"767\" data-id=\"687\"  src=\"https:\/\/www.saintbenoit-mayombe.org\/wp-content\/uploads\/2022\/05\/IMG-20220525-WA0018-1024x767.jpg\"  alt=\"IMG-20220525-WA0018-1024x767 Sensibilisation et \u00e9ducation \u00e0 l&#039;environnement\"  class=\"wp-image-687\" srcset=\"https:\/\/www.saintbenoit-mayombe.org\/wp-content\/uploads\/2022\/05\/IMG-20220525-WA0018-1024x767.jpg 1024w, https:\/\/www.saintbenoit-mayombe.org\/wp-content\/uploads\/2022\/05\/IMG-20220525-WA0018-300x225.jpg 300w, https:\/\/www.saintbenoit-mayombe.org\/wp-content\/uploads\/2022\/05\/IMG-20220525-WA0018-768x575.jpg 768w, https:\/\/www.saintbenoit-mayombe.org\/wp-content\/uploads\/2022\/05\/IMG-20220525-WA0018.jpg 1080w\" sizes=\"(max-width: 1024px) 100vw, 1024px\" \/><\/figure>\n\n\n\n<figure class=\"wp-block-image size-large\"><img  title=\"\" loading=\"lazy\" width=\"1024\" height=\"767\" data-id=\"688\"  src=\"https:\/\/www.saintbenoit-mayombe.org\/wp-content\/uploads\/2022\/05\/IMG-20220525-WA0019-1024x767.jpg\"  alt=\"IMG-20220525-WA0019-1024x767 Sensibilisation et \u00e9ducation \u00e0 l&#039;environnement\"  class=\"wp-image-688\" srcset=\"https:\/\/www.saintbenoit-mayombe.org\/wp-content\/uploads\/2022\/05\/IMG-20220525-WA0019-1024x767.jpg 1024w, https:\/\/www.saintbenoit-mayombe.org\/wp-content\/uploads\/2022\/05\/IMG-20220525-WA0019-300x225.jpg 300w, https:\/\/www.saintbenoit-mayombe.org\/wp-content\/uploads\/2022\/05\/IMG-20220525-WA0019-768x575.jpg 768w, https:\/\/www.saintbenoit-mayombe.org\/wp-content\/uploads\/2022\/05\/IMG-20220525-WA0019.jpg 1080w\" sizes=\"(max-width: 1024px) 100vw, 1024px\" \/><\/figure>\n\n\n\n<figure class=\"wp-block-image size-large\"><img  title=\"\" loading=\"lazy\" width=\"1024\" height=\"767\" data-id=\"689\"  src=\"https:\/\/www.saintbenoit-mayombe.org\/wp-content\/uploads\/2022\/05\/IMG-20220525-WA0020-1024x767.jpg\"  alt=\"IMG-20220525-WA0020-1024x767 Sensibilisation et \u00e9ducation \u00e0 l&#039;environnement\"  class=\"wp-image-689\" srcset=\"https:\/\/www.saintbenoit-mayombe.org\/wp-content\/uploads\/2022\/05\/IMG-20220525-WA0020-1024x767.jpg 1024w, https:\/\/www.saintbenoit-mayombe.org\/wp-content\/uploads\/2022\/05\/IMG-20220525-WA0020-300x225.jpg 300w, https:\/\/www.saintbenoit-mayombe.org\/wp-content\/uploads\/2022\/05\/IMG-20220525-WA0020-768x575.jpg 768w, https:\/\/www.saintbenoit-mayombe.org\/wp-content\/uploads\/2022\/05\/IMG-20220525-WA0020.jpg 1080w\" sizes=\"(max-width: 1024px) 100vw, 1024px\" \/><\/figure>\n\n\n\n<figure class=\"wp-block-image size-large\"><img  title=\"\" loading=\"lazy\" width=\"1024\" height=\"767\" data-id=\"690\"  src=\"https:\/\/www.saintbenoit-mayombe.org\/wp-content\/uploads\/2022\/05\/IMG-20220525-WA0021-1024x767.jpg\"  alt=\"IMG-20220525-WA0021-1024x767 Sensibilisation et \u00e9ducation \u00e0 l&#039;environnement\"  class=\"wp-image-690\" srcset=\"https:\/\/www.saintbenoit-mayombe.org\/wp-content\/uploads\/2022\/05\/IMG-20220525-WA0021-1024x767.jpg 1024w, https:\/\/www.saintbenoit-mayombe.org\/wp-content\/uploads\/2022\/05\/IMG-20220525-WA0021-300x225.jpg 300w, https:\/\/www.saintbenoit-mayombe.org\/wp-content\/uploads\/2022\/05\/IMG-20220525-WA0021-768x575.jpg 768w, https:\/\/www.saintbenoit-mayombe.org\/wp-content\/uploads\/2022\/05\/IMG-20220525-WA0021.jpg 1080w\" sizes=\"(max-width: 1024px) 100vw, 1024px\" \/><\/figure>\n<figcaption class=\"blocks-gallery-caption\">Emission r\u00e9alis\u00e9e en date du 24.05.2022<\/figcaption><\/figure>\n\n\n\n<h2>SENSIBILISATION DES ECOLES <\/h2>\n\n\n\n<p>En effleurant les \u00e9tablissements scolaires, nous allons constituer tout un r\u00e9seau \u00e9cologique. En effet, nous toucherons beaucoup de jeunes et l&rsquo;impact sera durable.<\/p>\n\n\n\n<figure class=\"wp-block-gallery has-nested-images columns-default is-cropped\">\n<figure class=\"wp-block-image size-large\"><img  title=\"\" loading=\"lazy\" width=\"1024\" height=\"768\" data-id=\"770\"  src=\"https:\/\/www.saintbenoit-mayombe.org\/wp-content\/uploads\/2023\/01\/IMG-20221229-WA0013-1024x768.jpg\"  alt=\"IMG-20221229-WA0013-1024x768 Sensibilisation et \u00e9ducation \u00e0 l&#039;environnement\"  class=\"wp-image-770\" srcset=\"https:\/\/www.saintbenoit-mayombe.org\/wp-content\/uploads\/2023\/01\/IMG-20221229-WA0013-1024x768.jpg 1024w, https:\/\/www.saintbenoit-mayombe.org\/wp-content\/uploads\/2023\/01\/IMG-20221229-WA0013-300x225.jpg 300w, https:\/\/www.saintbenoit-mayombe.org\/wp-content\/uploads\/2023\/01\/IMG-20221229-WA0013-768x576.jpg 768w, https:\/\/www.saintbenoit-mayombe.org\/wp-content\/uploads\/2023\/01\/IMG-20221229-WA0013.jpg 1040w\" sizes=\"(max-width: 1024px) 100vw, 1024px\" \/><\/figure>\n\n\n\n<figure class=\"wp-block-image size-large\"><img  title=\"\" loading=\"lazy\" width=\"1024\" height=\"768\" data-id=\"771\"  src=\"https:\/\/www.saintbenoit-mayombe.org\/wp-content\/uploads\/2023\/01\/IMG-20221229-WA0014-1024x768.jpg\"  alt=\"IMG-20221229-WA0014-1024x768 Sensibilisation et \u00e9ducation \u00e0 l&#039;environnement\"  class=\"wp-image-771\" srcset=\"https:\/\/www.saintbenoit-mayombe.org\/wp-content\/uploads\/2023\/01\/IMG-20221229-WA0014-1024x768.jpg 1024w, https:\/\/www.saintbenoit-mayombe.org\/wp-content\/uploads\/2023\/01\/IMG-20221229-WA0014-300x225.jpg 300w, https:\/\/www.saintbenoit-mayombe.org\/wp-content\/uploads\/2023\/01\/IMG-20221229-WA0014-768x576.jpg 768w, https:\/\/www.saintbenoit-mayombe.org\/wp-content\/uploads\/2023\/01\/IMG-20221229-WA0014.jpg 1040w\" sizes=\"(max-width: 1024px) 100vw, 1024px\" \/><\/figure>\n\n\n\n<figure class=\"wp-block-image size-large\"><img  title=\"\" loading=\"lazy\" width=\"1024\" height=\"768\" data-id=\"773\"  src=\"https:\/\/www.saintbenoit-mayombe.org\/wp-content\/uploads\/2023\/01\/IMG-20221229-WA0015-1024x768.jpg\"  alt=\"IMG-20221229-WA0015-1024x768 Sensibilisation et \u00e9ducation \u00e0 l&#039;environnement\"  class=\"wp-image-773\" srcset=\"https:\/\/www.saintbenoit-mayombe.org\/wp-content\/uploads\/2023\/01\/IMG-20221229-WA0015-1024x768.jpg 1024w, https:\/\/www.saintbenoit-mayombe.org\/wp-content\/uploads\/2023\/01\/IMG-20221229-WA0015-300x225.jpg 300w, https:\/\/www.saintbenoit-mayombe.org\/wp-content\/uploads\/2023\/01\/IMG-20221229-WA0015-768x576.jpg 768w, https:\/\/www.saintbenoit-mayombe.org\/wp-content\/uploads\/2023\/01\/IMG-20221229-WA0015.jpg 1040w\" sizes=\"(max-width: 1024px) 100vw, 1024px\" \/><\/figure>\n\n\n\n<figure class=\"wp-block-image size-large\"><img  title=\"\" loading=\"lazy\" width=\"1024\" height=\"768\" data-id=\"774\"  src=\"https:\/\/www.saintbenoit-mayombe.org\/wp-content\/uploads\/2023\/01\/IMG-20221229-WA0016-1024x768.jpg\"  alt=\"IMG-20221229-WA0016-1024x768 Sensibilisation et \u00e9ducation \u00e0 l&#039;environnement\"  class=\"wp-image-774\" srcset=\"https:\/\/www.saintbenoit-mayombe.org\/wp-content\/uploads\/2023\/01\/IMG-20221229-WA0016-1024x768.jpg 1024w, https:\/\/www.saintbenoit-mayombe.org\/wp-content\/uploads\/2023\/01\/IMG-20221229-WA0016-300x225.jpg 300w, https:\/\/www.saintbenoit-mayombe.org\/wp-content\/uploads\/2023\/01\/IMG-20221229-WA0016-768x576.jpg 768w, https:\/\/www.saintbenoit-mayombe.org\/wp-content\/uploads\/2023\/01\/IMG-20221229-WA0016.jpg 1040w\" sizes=\"(max-width: 1024px) 100vw, 1024px\" \/><\/figure>\n\n\n\n<figure class=\"wp-block-image size-large\"><img  title=\"\" loading=\"lazy\" width=\"1024\" height=\"768\" data-id=\"772\"  src=\"https:\/\/www.saintbenoit-mayombe.org\/wp-content\/uploads\/2023\/01\/IMG-20221229-WA0017-1024x768.jpg\"  alt=\"IMG-20221229-WA0017-1024x768 Sensibilisation et \u00e9ducation \u00e0 l&#039;environnement\"  class=\"wp-image-772\" srcset=\"https:\/\/www.saintbenoit-mayombe.org\/wp-content\/uploads\/2023\/01\/IMG-20221229-WA0017-1024x768.jpg 1024w, https:\/\/www.saintbenoit-mayombe.org\/wp-content\/uploads\/2023\/01\/IMG-20221229-WA0017-300x225.jpg 300w, https:\/\/www.saintbenoit-mayombe.org\/wp-content\/uploads\/2023\/01\/IMG-20221229-WA0017-768x576.jpg 768w, https:\/\/www.saintbenoit-mayombe.org\/wp-content\/uploads\/2023\/01\/IMG-20221229-WA0017.jpg 1040w\" sizes=\"(max-width: 1024px) 100vw, 1024px\" \/><\/figure>\n\n\n\n<figure class=\"wp-block-image size-large\"><img  title=\"\" loading=\"lazy\" width=\"1024\" height=\"768\" data-id=\"776\"  src=\"https:\/\/www.saintbenoit-mayombe.org\/wp-content\/uploads\/2023\/01\/IMG-20221229-WA0018-1024x768.jpg\"  alt=\"IMG-20221229-WA0018-1024x768 Sensibilisation et \u00e9ducation \u00e0 l&#039;environnement\"  class=\"wp-image-776\" srcset=\"https:\/\/www.saintbenoit-mayombe.org\/wp-content\/uploads\/2023\/01\/IMG-20221229-WA0018-1024x768.jpg 1024w, https:\/\/www.saintbenoit-mayombe.org\/wp-content\/uploads\/2023\/01\/IMG-20221229-WA0018-300x225.jpg 300w, https:\/\/www.saintbenoit-mayombe.org\/wp-content\/uploads\/2023\/01\/IMG-20221229-WA0018-768x576.jpg 768w, https:\/\/www.saintbenoit-mayombe.org\/wp-content\/uploads\/2023\/01\/IMG-20221229-WA0018.jpg 1040w\" sizes=\"(max-width: 1024px) 100vw, 1024px\" \/><\/figure>\n\n\n\n<figure class=\"wp-block-image size-large\"><img  title=\"\" loading=\"lazy\" width=\"1024\" height=\"768\" data-id=\"775\"  src=\"https:\/\/www.saintbenoit-mayombe.org\/wp-content\/uploads\/2023\/01\/IMG-20221229-WA0019-1024x768.jpg\"  alt=\"IMG-20221229-WA0019-1024x768 Sensibilisation et \u00e9ducation \u00e0 l&#039;environnement\"  class=\"wp-image-775\" srcset=\"https:\/\/www.saintbenoit-mayombe.org\/wp-content\/uploads\/2023\/01\/IMG-20221229-WA0019-1024x768.jpg 1024w, https:\/\/www.saintbenoit-mayombe.org\/wp-content\/uploads\/2023\/01\/IMG-20221229-WA0019-300x225.jpg 300w, https:\/\/www.saintbenoit-mayombe.org\/wp-content\/uploads\/2023\/01\/IMG-20221229-WA0019-768x576.jpg 768w, https:\/\/www.saintbenoit-mayombe.org\/wp-content\/uploads\/2023\/01\/IMG-20221229-WA0019.jpg 1040w\" sizes=\"(max-width: 1024px) 100vw, 1024px\" \/><\/figure>\n<figcaption class=\"blocks-gallery-caption\">Photos prises en date du 29 D\u00e9cembre 2022<\/figcaption><\/figure>\n\n\n\n<h2>FORMATION DES ANIMATEURS RURAUX<\/h2>\n\n\n\n<p>Nonante-huit nouveaux jeunes \u00e9l\u00e8ves, futurs Agronomes venus de diff\u00e9rentes \u00e9coles secondaires participent \u00e0 un stage. Ces \u00e9coles sont membres du R\u00e9seau Saint Benoit pour l&rsquo;\u00e9cologie.<\/p>\n\n\n\n<figure class=\"wp-block-gallery has-nested-images columns-default is-cropped\">\n<figure class=\"wp-block-image size-large\"><img  title=\"\" loading=\"lazy\" width=\"768\" height=\"1024\" data-id=\"782\"  src=\"https:\/\/www.saintbenoit-mayombe.org\/wp-content\/uploads\/2023\/03\/IMG-20230202-WA0019-768x1024.jpg\"  alt=\"IMG-20230202-WA0019-768x1024 Sensibilisation et \u00e9ducation \u00e0 l&#039;environnement\"  class=\"wp-image-782\" srcset=\"https:\/\/www.saintbenoit-mayombe.org\/wp-content\/uploads\/2023\/03\/IMG-20230202-WA0019-768x1024.jpg 768w, https:\/\/www.saintbenoit-mayombe.org\/wp-content\/uploads\/2023\/03\/IMG-20230202-WA0019-225x300.jpg 225w, https:\/\/www.saintbenoit-mayombe.org\/wp-content\/uploads\/2023\/03\/IMG-20230202-WA0019.jpg 780w\" sizes=\"(max-width: 768px) 100vw, 768px\" \/><\/figure>\n\n\n\n<figure class=\"wp-block-image size-large\"><img  title=\"\" loading=\"lazy\" width=\"768\" height=\"1024\" data-id=\"781\"  src=\"https:\/\/www.saintbenoit-mayombe.org\/wp-content\/uploads\/2023\/03\/IMG-20230202-WA0020-768x1024.jpg\"  alt=\"IMG-20230202-WA0020-768x1024 Sensibilisation et \u00e9ducation \u00e0 l&#039;environnement\"  class=\"wp-image-781\" srcset=\"https:\/\/www.saintbenoit-mayombe.org\/wp-content\/uploads\/2023\/03\/IMG-20230202-WA0020-768x1024.jpg 768w, https:\/\/www.saintbenoit-mayombe.org\/wp-content\/uploads\/2023\/03\/IMG-20230202-WA0020-225x300.jpg 225w, https:\/\/www.saintbenoit-mayombe.org\/wp-content\/uploads\/2023\/03\/IMG-20230202-WA0020.jpg 780w\" sizes=\"(max-width: 768px) 100vw, 768px\" \/><\/figure>\n\n\n\n<figure class=\"wp-block-image size-large\"><img  title=\"\" loading=\"lazy\" width=\"768\" height=\"1024\" data-id=\"780\"  src=\"https:\/\/www.saintbenoit-mayombe.org\/wp-content\/uploads\/2023\/03\/IMG-20230202-WA0021-768x1024.jpg\"  alt=\"IMG-20230202-WA0021-768x1024 Sensibilisation et \u00e9ducation \u00e0 l&#039;environnement\"  class=\"wp-image-780\" srcset=\"https:\/\/www.saintbenoit-mayombe.org\/wp-content\/uploads\/2023\/03\/IMG-20230202-WA0021-768x1024.jpg 768w, https:\/\/www.saintbenoit-mayombe.org\/wp-content\/uploads\/2023\/03\/IMG-20230202-WA0021-225x300.jpg 225w, https:\/\/www.saintbenoit-mayombe.org\/wp-content\/uploads\/2023\/03\/IMG-20230202-WA0021.jpg 780w\" sizes=\"(max-width: 768px) 100vw, 768px\" \/><\/figure>\n\n\n\n<figure class=\"wp-block-image size-large\"><img  title=\"\" loading=\"lazy\" width=\"768\" height=\"1024\" data-id=\"783\"  src=\"https:\/\/www.saintbenoit-mayombe.org\/wp-content\/uploads\/2023\/03\/IMG-20230202-WA0022-768x1024.jpg\"  alt=\"IMG-20230202-WA0022-768x1024 Sensibilisation et \u00e9ducation \u00e0 l&#039;environnement\"  class=\"wp-image-783\" srcset=\"https:\/\/www.saintbenoit-mayombe.org\/wp-content\/uploads\/2023\/03\/IMG-20230202-WA0022-768x1024.jpg 768w, https:\/\/www.saintbenoit-mayombe.org\/wp-content\/uploads\/2023\/03\/IMG-20230202-WA0022-225x300.jpg 225w, https:\/\/www.saintbenoit-mayombe.org\/wp-content\/uploads\/2023\/03\/IMG-20230202-WA0022.jpg 780w\" sizes=\"(max-width: 768px) 100vw, 768px\" \/><\/figure>\n\n\n\n<figure class=\"wp-block-image size-large\"><img  title=\"\" loading=\"lazy\" width=\"768\" height=\"1024\" data-id=\"784\"  src=\"https:\/\/www.saintbenoit-mayombe.org\/wp-content\/uploads\/2023\/03\/IMG-20230202-WA0023-768x1024.jpg\"  alt=\"IMG-20230202-WA0023-768x1024 Sensibilisation et \u00e9ducation \u00e0 l&#039;environnement\"  class=\"wp-image-784\" srcset=\"https:\/\/www.saintbenoit-mayombe.org\/wp-content\/uploads\/2023\/03\/IMG-20230202-WA0023-768x1024.jpg 768w, https:\/\/www.saintbenoit-mayombe.org\/wp-content\/uploads\/2023\/03\/IMG-20230202-WA0023-225x300.jpg 225w, https:\/\/www.saintbenoit-mayombe.org\/wp-content\/uploads\/2023\/03\/IMG-20230202-WA0023.jpg 780w\" sizes=\"(max-width: 768px) 100vw, 768px\" \/><\/figure>\n\n\n\n<figure class=\"wp-block-image size-large\"><img  title=\"\" loading=\"lazy\" width=\"768\" height=\"1024\" data-id=\"785\"  src=\"https:\/\/www.saintbenoit-mayombe.org\/wp-content\/uploads\/2023\/03\/IMG-20230202-WA0024-768x1024.jpg\"  alt=\"IMG-20230202-WA0024-768x1024 Sensibilisation et \u00e9ducation \u00e0 l&#039;environnement\"  class=\"wp-image-785\" srcset=\"https:\/\/www.saintbenoit-mayombe.org\/wp-content\/uploads\/2023\/03\/IMG-20230202-WA0024-768x1024.jpg 768w, https:\/\/www.saintbenoit-mayombe.org\/wp-content\/uploads\/2023\/03\/IMG-20230202-WA0024-225x300.jpg 225w, https:\/\/www.saintbenoit-mayombe.org\/wp-content\/uploads\/2023\/03\/IMG-20230202-WA0024.jpg 780w\" sizes=\"(max-width: 768px) 100vw, 768px\" \/><\/figure>\n\n\n\n<figure class=\"wp-block-image size-large\"><img  title=\"\" loading=\"lazy\" width=\"768\" height=\"1024\" data-id=\"786\"  src=\"https:\/\/www.saintbenoit-mayombe.org\/wp-content\/uploads\/2023\/03\/IMG-20230202-WA0025-768x1024.jpg\"  alt=\"IMG-20230202-WA0025-768x1024 Sensibilisation et \u00e9ducation \u00e0 l&#039;environnement\"  class=\"wp-image-786\" srcset=\"https:\/\/www.saintbenoit-mayombe.org\/wp-content\/uploads\/2023\/03\/IMG-20230202-WA0025-768x1024.jpg 768w, https:\/\/www.saintbenoit-mayombe.org\/wp-content\/uploads\/2023\/03\/IMG-20230202-WA0025-225x300.jpg 225w, https:\/\/www.saintbenoit-mayombe.org\/wp-content\/uploads\/2023\/03\/IMG-20230202-WA0025.jpg 780w\" sizes=\"(max-width: 768px) 100vw, 768px\" \/><\/figure>\n<figcaption class=\"blocks-gallery-caption\"><strong>Photos prises le 04\/02\/2023<\/strong><\/figcaption><\/figure>\n\n\n\n<h2>SENSIBILISATION SUR LES BIENFAITS DE L&rsquo;ARBRE<\/h2>\n\n\n\n<p>Profitant de la f\u00eate de Saint Jean Bosco, nous avons lanc\u00e9 la campagne \u00a0\u00bb un jeune, un arbre\u00a0\u00bb. Nous avons commenc\u00e9 par le manguier que les jeunes aiment beaucoup.<\/p>\n\n\n\n<figure class=\"wp-block-gallery has-nested-images columns-default is-cropped\">\n<figure class=\"wp-block-image size-large\"><img  title=\"\" loading=\"lazy\" width=\"768\" height=\"1024\" data-id=\"791\"  src=\"https:\/\/www.saintbenoit-mayombe.org\/wp-content\/uploads\/2023\/03\/IMG-20230202-WA0010-768x1024.jpg\"  alt=\"IMG-20230202-WA0010-768x1024 Sensibilisation et \u00e9ducation \u00e0 l&#039;environnement\"  class=\"wp-image-791\" srcset=\"https:\/\/www.saintbenoit-mayombe.org\/wp-content\/uploads\/2023\/03\/IMG-20230202-WA0010-768x1024.jpg 768w, https:\/\/www.saintbenoit-mayombe.org\/wp-content\/uploads\/2023\/03\/IMG-20230202-WA0010-225x300.jpg 225w, https:\/\/www.saintbenoit-mayombe.org\/wp-content\/uploads\/2023\/03\/IMG-20230202-WA0010.jpg 780w\" sizes=\"(max-width: 768px) 100vw, 768px\" \/><\/figure>\n\n\n\n<figure class=\"wp-block-image size-large\"><img  title=\"\" loading=\"lazy\" width=\"768\" height=\"1024\" data-id=\"792\"  src=\"https:\/\/www.saintbenoit-mayombe.org\/wp-content\/uploads\/2023\/03\/IMG-20230202-WA0015-768x1024.jpg\"  alt=\"IMG-20230202-WA0015-768x1024 Sensibilisation et \u00e9ducation \u00e0 l&#039;environnement\"  class=\"wp-image-792\" srcset=\"https:\/\/www.saintbenoit-mayombe.org\/wp-content\/uploads\/2023\/03\/IMG-20230202-WA0015-768x1024.jpg 768w, https:\/\/www.saintbenoit-mayombe.org\/wp-content\/uploads\/2023\/03\/IMG-20230202-WA0015-225x300.jpg 225w, https:\/\/www.saintbenoit-mayombe.org\/wp-content\/uploads\/2023\/03\/IMG-20230202-WA0015.jpg 780w\" sizes=\"(max-width: 768px) 100vw, 768px\" \/><\/figure>\n\n\n\n<figure class=\"wp-block-image size-large\"><img  title=\"\" loading=\"lazy\" width=\"768\" height=\"1024\" data-id=\"793\"  src=\"https:\/\/www.saintbenoit-mayombe.org\/wp-content\/uploads\/2023\/03\/IMG-20230204-WA0026-768x1024.jpg\"  alt=\"IMG-20230204-WA0026-768x1024 Sensibilisation et \u00e9ducation \u00e0 l&#039;environnement\"  class=\"wp-image-793\" srcset=\"https:\/\/www.saintbenoit-mayombe.org\/wp-content\/uploads\/2023\/03\/IMG-20230204-WA0026-768x1024.jpg 768w, https:\/\/www.saintbenoit-mayombe.org\/wp-content\/uploads\/2023\/03\/IMG-20230204-WA0026-225x300.jpg 225w, https:\/\/www.saintbenoit-mayombe.org\/wp-content\/uploads\/2023\/03\/IMG-20230204-WA0026.jpg 810w\" sizes=\"(max-width: 768px) 100vw, 768px\" \/><\/figure>\n\n\n\n<figure class=\"wp-block-image size-large\"><img  title=\"\" loading=\"lazy\" width=\"1024\" height=\"768\" data-id=\"794\"  src=\"https:\/\/www.saintbenoit-mayombe.org\/wp-content\/uploads\/2023\/03\/IMG-20230204-WA0037-1024x768.jpg\"  alt=\"IMG-20230204-WA0037-1024x768 Sensibilisation et \u00e9ducation \u00e0 l&#039;environnement\"  class=\"wp-image-794\" srcset=\"https:\/\/www.saintbenoit-mayombe.org\/wp-content\/uploads\/2023\/03\/IMG-20230204-WA0037-1024x768.jpg 1024w, https:\/\/www.saintbenoit-mayombe.org\/wp-content\/uploads\/2023\/03\/IMG-20230204-WA0037-300x225.jpg 300w, https:\/\/www.saintbenoit-mayombe.org\/wp-content\/uploads\/2023\/03\/IMG-20230204-WA0037-768x576.jpg 768w, https:\/\/www.saintbenoit-mayombe.org\/wp-content\/uploads\/2023\/03\/IMG-20230204-WA0037.jpg 1040w\" sizes=\"(max-width: 1024px) 100vw, 1024px\" \/><\/figure>\n<figcaption class=\"blocks-gallery-caption\">Photos du 04\/02\/2023<\/figcaption><\/figure>\n\n\n\n<p><\/p>\n\n\n\n<h2><\/h2>\n\n\n\n<p>Education et formation des jeunes agronomes pour la sauvegarde de la nature.<\/p>\n\n\n\n<figure class=\"wp-block-gallery has-nested-images columns-default is-cropped\">\n<figure class=\"wp-block-image size-large\"><img  title=\"\" loading=\"lazy\" width=\"768\" height=\"1024\" data-id=\"840\"  src=\"https:\/\/www.saintbenoit-mayombe.org\/wp-content\/uploads\/2023\/04\/IMG-20230426-WA0008-768x1024.jpg\"  alt=\"IMG-20230426-WA0008-768x1024 Sensibilisation et \u00e9ducation \u00e0 l&#039;environnement\"  class=\"wp-image-840\" srcset=\"https:\/\/www.saintbenoit-mayombe.org\/wp-content\/uploads\/2023\/04\/IMG-20230426-WA0008-768x1024.jpg 768w, https:\/\/www.saintbenoit-mayombe.org\/wp-content\/uploads\/2023\/04\/IMG-20230426-WA0008-225x300.jpg 225w, https:\/\/www.saintbenoit-mayombe.org\/wp-content\/uploads\/2023\/04\/IMG-20230426-WA0008.jpg 780w\" sizes=\"(max-width: 768px) 100vw, 768px\" \/><\/figure>\n\n\n\n<figure class=\"wp-block-image size-large\"><img  title=\"\" loading=\"lazy\" width=\"768\" height=\"1024\" data-id=\"841\"  src=\"https:\/\/www.saintbenoit-mayombe.org\/wp-content\/uploads\/2023\/04\/IMG-20230426-WA0009-768x1024.jpg\"  alt=\"IMG-20230426-WA0009-768x1024 Sensibilisation et \u00e9ducation \u00e0 l&#039;environnement\"  class=\"wp-image-841\" srcset=\"https:\/\/www.saintbenoit-mayombe.org\/wp-content\/uploads\/2023\/04\/IMG-20230426-WA0009-768x1024.jpg 768w, https:\/\/www.saintbenoit-mayombe.org\/wp-content\/uploads\/2023\/04\/IMG-20230426-WA0009-225x300.jpg 225w, https:\/\/www.saintbenoit-mayombe.org\/wp-content\/uploads\/2023\/04\/IMG-20230426-WA0009.jpg 780w\" sizes=\"(max-width: 768px) 100vw, 768px\" \/><\/figure>\n<figcaption class=\"blocks-gallery-caption\">Activit\u00e9 du 25\/04\/2023<\/figcaption><\/figure>\n\n\n\n<p> <\/p>\n\n\n\n<h2>JEUNESSE ET ENVIRONNEMENT<\/h2>\n\n\n\n<p>Jeunes \u00e9l\u00e8ves impliqu\u00e9s dans la lutte contre le changement climatique.<\/p>\n\n\n\n<figure class=\"wp-block-gallery has-nested-images columns-default is-cropped\">\n<figure class=\"wp-block-image size-large\"><img  title=\"\" loading=\"lazy\" width=\"768\" height=\"1024\" data-id=\"846\"  src=\"https:\/\/www.saintbenoit-mayombe.org\/wp-content\/uploads\/2023\/04\/IMG-20230426-WA0014-768x1024.jpg\"  alt=\"IMG-20230426-WA0014-768x1024 Sensibilisation et \u00e9ducation \u00e0 l&#039;environnement\"  class=\"wp-image-846\" srcset=\"https:\/\/www.saintbenoit-mayombe.org\/wp-content\/uploads\/2023\/04\/IMG-20230426-WA0014-768x1024.jpg 768w, https:\/\/www.saintbenoit-mayombe.org\/wp-content\/uploads\/2023\/04\/IMG-20230426-WA0014-225x300.jpg 225w, https:\/\/www.saintbenoit-mayombe.org\/wp-content\/uploads\/2023\/04\/IMG-20230426-WA0014.jpg 810w\" sizes=\"(max-width: 768px) 100vw, 768px\" \/><\/figure>\n\n\n\n<figure class=\"wp-block-image size-large\"><img  title=\"\" loading=\"lazy\" width=\"768\" height=\"1024\" data-id=\"844\"  src=\"https:\/\/www.saintbenoit-mayombe.org\/wp-content\/uploads\/2023\/04\/IMG-20230426-WA0016-768x1024.jpg\"  alt=\"IMG-20230426-WA0016-768x1024 Sensibilisation et \u00e9ducation \u00e0 l&#039;environnement\"  class=\"wp-image-844\" srcset=\"https:\/\/www.saintbenoit-mayombe.org\/wp-content\/uploads\/2023\/04\/IMG-20230426-WA0016-768x1024.jpg 768w, https:\/\/www.saintbenoit-mayombe.org\/wp-content\/uploads\/2023\/04\/IMG-20230426-WA0016-225x300.jpg 225w, https:\/\/www.saintbenoit-mayombe.org\/wp-content\/uploads\/2023\/04\/IMG-20230426-WA0016.jpg 810w\" sizes=\"(max-width: 768px) 100vw, 768px\" \/><\/figure>\n\n\n\n<figure class=\"wp-block-image size-large\"><img  title=\"\" loading=\"lazy\" width=\"768\" height=\"1024\" data-id=\"845\"  src=\"https:\/\/www.saintbenoit-mayombe.org\/wp-content\/uploads\/2023\/04\/IMG-20230426-WA0020-768x1024.jpg\"  alt=\"IMG-20230426-WA0020-768x1024 Sensibilisation et \u00e9ducation \u00e0 l&#039;environnement\"  class=\"wp-image-845\" srcset=\"https:\/\/www.saintbenoit-mayombe.org\/wp-content\/uploads\/2023\/04\/IMG-20230426-WA0020-768x1024.jpg 768w, https:\/\/www.saintbenoit-mayombe.org\/wp-content\/uploads\/2023\/04\/IMG-20230426-WA0020-225x300.jpg 225w, https:\/\/www.saintbenoit-mayombe.org\/wp-content\/uploads\/2023\/04\/IMG-20230426-WA0020.jpg 810w\" sizes=\"(max-width: 768px) 100vw, 768px\" \/><\/figure>\n<figcaption class=\"blocks-gallery-caption\">Activit\u00e9 r\u00e9alis\u00e9e en date du 25\/04\/2023<\/figcaption><\/figure>\n\n\n\n<h2><\/h2>\n\n\n\n<h2>EDUCATION SUR LE CLIMAT<\/h2>\n\n\n\n<p>L&rsquo;\u0152uvre Saint Benoit, OSB en sigle sensibilise la jeunesse \u00e0 travers les \u00e9coles et divers milieux regroupant les jeunes sur le climat.<\/p>\n\n\n\n<figure class=\"wp-block-gallery has-nested-images columns-default is-cropped\">\n<figure class=\"wp-block-image size-large\"><img  title=\"\" loading=\"lazy\" width=\"1024\" height=\"768\" data-id=\"849\"  src=\"https:\/\/www.saintbenoit-mayombe.org\/wp-content\/uploads\/2023\/04\/IMG-20230425-WA0008-1024x768.jpg\"  alt=\"IMG-20230425-WA0008-1024x768 Sensibilisation et \u00e9ducation \u00e0 l&#039;environnement\"  class=\"wp-image-849\" srcset=\"https:\/\/www.saintbenoit-mayombe.org\/wp-content\/uploads\/2023\/04\/IMG-20230425-WA0008-1024x768.jpg 1024w, https:\/\/www.saintbenoit-mayombe.org\/wp-content\/uploads\/2023\/04\/IMG-20230425-WA0008-300x225.jpg 300w, https:\/\/www.saintbenoit-mayombe.org\/wp-content\/uploads\/2023\/04\/IMG-20230425-WA0008-768x576.jpg 768w, https:\/\/www.saintbenoit-mayombe.org\/wp-content\/uploads\/2023\/04\/IMG-20230425-WA0008.jpg 1040w\" sizes=\"(max-width: 1024px) 100vw, 1024px\" \/><\/figure>\n\n\n\n<figure class=\"wp-block-image size-large\"><img  title=\"\" loading=\"lazy\" width=\"768\" height=\"1024\" data-id=\"850\"  src=\"https:\/\/www.saintbenoit-mayombe.org\/wp-content\/uploads\/2023\/04\/IMG-20230425-WA0009-768x1024.jpg\"  alt=\"IMG-20230425-WA0009-768x1024 Sensibilisation et \u00e9ducation \u00e0 l&#039;environnement\"  class=\"wp-image-850\" srcset=\"https:\/\/www.saintbenoit-mayombe.org\/wp-content\/uploads\/2023\/04\/IMG-20230425-WA0009-768x1024.jpg 768w, https:\/\/www.saintbenoit-mayombe.org\/wp-content\/uploads\/2023\/04\/IMG-20230425-WA0009-225x300.jpg 225w, https:\/\/www.saintbenoit-mayombe.org\/wp-content\/uploads\/2023\/04\/IMG-20230425-WA0009.jpg 810w\" sizes=\"(max-width: 768px) 100vw, 768px\" \/><\/figure>\n\n\n\n<figure class=\"wp-block-image size-large\"><img  title=\"\" loading=\"lazy\" width=\"768\" height=\"1024\" data-id=\"851\"  src=\"https:\/\/www.saintbenoit-mayombe.org\/wp-content\/uploads\/2023\/04\/IMG-20230425-WA0010-768x1024.jpg\"  alt=\"IMG-20230425-WA0010-768x1024 Sensibilisation et \u00e9ducation \u00e0 l&#039;environnement\"  class=\"wp-image-851\" srcset=\"https:\/\/www.saintbenoit-mayombe.org\/wp-content\/uploads\/2023\/04\/IMG-20230425-WA0010-768x1024.jpg 768w, https:\/\/www.saintbenoit-mayombe.org\/wp-content\/uploads\/2023\/04\/IMG-20230425-WA0010-225x300.jpg 225w, https:\/\/www.saintbenoit-mayombe.org\/wp-content\/uploads\/2023\/04\/IMG-20230425-WA0010.jpg 810w\" sizes=\"(max-width: 768px) 100vw, 768px\" \/><\/figure>\n\n\n\n<figure class=\"wp-block-image size-large\"><img  title=\"\" loading=\"lazy\" width=\"1024\" height=\"768\" data-id=\"852\"  src=\"https:\/\/www.saintbenoit-mayombe.org\/wp-content\/uploads\/2023\/04\/IMG-20230425-WA0011-1024x768.jpg\"  alt=\"IMG-20230425-WA0011-1024x768 Sensibilisation et \u00e9ducation \u00e0 l&#039;environnement\"  class=\"wp-image-852\" srcset=\"https:\/\/www.saintbenoit-mayombe.org\/wp-content\/uploads\/2023\/04\/IMG-20230425-WA0011-1024x768.jpg 1024w, https:\/\/www.saintbenoit-mayombe.org\/wp-content\/uploads\/2023\/04\/IMG-20230425-WA0011-300x225.jpg 300w, https:\/\/www.saintbenoit-mayombe.org\/wp-content\/uploads\/2023\/04\/IMG-20230425-WA0011-768x576.jpg 768w, https:\/\/www.saintbenoit-mayombe.org\/wp-content\/uploads\/2023\/04\/IMG-20230425-WA0011.jpg 1040w\" sizes=\"(max-width: 1024px) 100vw, 1024px\" \/><\/figure>\n\n\n\n<figure class=\"wp-block-image size-large\"><img  title=\"\" loading=\"lazy\" width=\"1024\" height=\"768\" data-id=\"853\"  src=\"https:\/\/www.saintbenoit-mayombe.org\/wp-content\/uploads\/2023\/04\/IMG-20230425-WA0012-1024x768.jpg\"  alt=\"IMG-20230425-WA0012-1024x768 Sensibilisation et \u00e9ducation \u00e0 l&#039;environnement\"  class=\"wp-image-853\" srcset=\"https:\/\/www.saintbenoit-mayombe.org\/wp-content\/uploads\/2023\/04\/IMG-20230425-WA0012-1024x768.jpg 1024w, https:\/\/www.saintbenoit-mayombe.org\/wp-content\/uploads\/2023\/04\/IMG-20230425-WA0012-300x225.jpg 300w, https:\/\/www.saintbenoit-mayombe.org\/wp-content\/uploads\/2023\/04\/IMG-20230425-WA0012-768x576.jpg 768w, https:\/\/www.saintbenoit-mayombe.org\/wp-content\/uploads\/2023\/04\/IMG-20230425-WA0012.jpg 1040w\" sizes=\"(max-width: 1024px) 100vw, 1024px\" \/><\/figure>\n<figcaption class=\"blocks-gallery-caption\">Activit\u00e9 du 23\/04\/2023<\/figcaption><\/figure>\n\n\n\n<h2><\/h2>\n\n\n\n<p><\/p>\n\n\n\n<h2>TRANSPORT DES PLANTULES<\/h2>\n\n\n\n<p>Ici, nous avons l&rsquo;intense activit\u00e9 de d\u00e9ploiement des plantules dans diff\u00e9rents sites que couvre l&rsquo;Asbl.<\/p>\n\n\n\n<figure class=\"wp-block-gallery has-nested-images columns-default is-cropped\">\n<figure class=\"wp-block-image size-large\"><img  title=\"\" loading=\"lazy\" width=\"768\" height=\"1024\" data-id=\"856\"  src=\"https:\/\/www.saintbenoit-mayombe.org\/wp-content\/uploads\/2023\/04\/IMG-20230426-WA0012-768x1024.jpg\"  alt=\"IMG-20230426-WA0012-768x1024 Sensibilisation et \u00e9ducation \u00e0 l&#039;environnement\"  class=\"wp-image-856\" srcset=\"https:\/\/www.saintbenoit-mayombe.org\/wp-content\/uploads\/2023\/04\/IMG-20230426-WA0012-768x1024.jpg 768w, https:\/\/www.saintbenoit-mayombe.org\/wp-content\/uploads\/2023\/04\/IMG-20230426-WA0012-225x300.jpg 225w, https:\/\/www.saintbenoit-mayombe.org\/wp-content\/uploads\/2023\/04\/IMG-20230426-WA0012.jpg 810w\" sizes=\"(max-width: 768px) 100vw, 768px\" \/><\/figure>\n\n\n\n<figure class=\"wp-block-image size-large\"><img  title=\"\" loading=\"lazy\" width=\"768\" height=\"1024\" data-id=\"857\"  src=\"https:\/\/www.saintbenoit-mayombe.org\/wp-content\/uploads\/2023\/04\/IMG-20230426-WA0023-768x1024.jpg\"  alt=\"IMG-20230426-WA0023-768x1024 Sensibilisation et \u00e9ducation \u00e0 l&#039;environnement\"  class=\"wp-image-857\" srcset=\"https:\/\/www.saintbenoit-mayombe.org\/wp-content\/uploads\/2023\/04\/IMG-20230426-WA0023-768x1024.jpg 768w, https:\/\/www.saintbenoit-mayombe.org\/wp-content\/uploads\/2023\/04\/IMG-20230426-WA0023-225x300.jpg 225w, https:\/\/www.saintbenoit-mayombe.org\/wp-content\/uploads\/2023\/04\/IMG-20230426-WA0023.jpg 780w\" sizes=\"(max-width: 768px) 100vw, 768px\" \/><\/figure>\n\n\n\n<figure class=\"wp-block-image size-large\"><img  title=\"\" loading=\"lazy\" width=\"768\" height=\"1024\" data-id=\"858\"  src=\"https:\/\/www.saintbenoit-mayombe.org\/wp-content\/uploads\/2023\/04\/IMG-20230426-WA0024-768x1024.jpg\"  alt=\"IMG-20230426-WA0024-768x1024 Sensibilisation et \u00e9ducation \u00e0 l&#039;environnement\"  class=\"wp-image-858\" srcset=\"https:\/\/www.saintbenoit-mayombe.org\/wp-content\/uploads\/2023\/04\/IMG-20230426-WA0024-768x1024.jpg 768w, https:\/\/www.saintbenoit-mayombe.org\/wp-content\/uploads\/2023\/04\/IMG-20230426-WA0024-225x300.jpg 225w, https:\/\/www.saintbenoit-mayombe.org\/wp-content\/uploads\/2023\/04\/IMG-20230426-WA0024.jpg 780w\" sizes=\"(max-width: 768px) 100vw, 768px\" \/><\/figure>\n<\/figure>\n\n\n\n<figure class=\"wp-block-gallery has-nested-images columns-default is-cropped\">\n<figure class=\"wp-block-image size-large\"><img  title=\"\" loading=\"lazy\" width=\"768\" height=\"1024\" data-id=\"859\"  src=\"https:\/\/www.saintbenoit-mayombe.org\/wp-content\/uploads\/2023\/04\/IMG-20230426-WA0007-768x1024.jpg\"  alt=\"IMG-20230426-WA0007-768x1024 Sensibilisation et \u00e9ducation \u00e0 l&#039;environnement\"  class=\"wp-image-859\" srcset=\"https:\/\/www.saintbenoit-mayombe.org\/wp-content\/uploads\/2023\/04\/IMG-20230426-WA0007-768x1024.jpg 768w, https:\/\/www.saintbenoit-mayombe.org\/wp-content\/uploads\/2023\/04\/IMG-20230426-WA0007-225x300.jpg 225w, https:\/\/www.saintbenoit-mayombe.org\/wp-content\/uploads\/2023\/04\/IMG-20230426-WA0007.jpg 780w\" sizes=\"(max-width: 768px) 100vw, 768px\" \/><\/figure>\n\n\n\n<figure class=\"wp-block-image size-large\"><img  title=\"\" loading=\"lazy\" width=\"768\" height=\"1024\" data-id=\"860\"  src=\"https:\/\/www.saintbenoit-mayombe.org\/wp-content\/uploads\/2023\/04\/IMG-20230426-WA0018-768x1024.jpg\"  alt=\"IMG-20230426-WA0018-768x1024 Sensibilisation et \u00e9ducation \u00e0 l&#039;environnement\"  class=\"wp-image-860\" srcset=\"https:\/\/www.saintbenoit-mayombe.org\/wp-content\/uploads\/2023\/04\/IMG-20230426-WA0018-768x1024.jpg 768w, https:\/\/www.saintbenoit-mayombe.org\/wp-content\/uploads\/2023\/04\/IMG-20230426-WA0018-225x300.jpg 225w, https:\/\/www.saintbenoit-mayombe.org\/wp-content\/uploads\/2023\/04\/IMG-20230426-WA0018.jpg 780w\" sizes=\"(max-width: 768px) 100vw, 768px\" \/><\/figure>\n\n\n\n<figure class=\"wp-block-image size-large\"><img  title=\"\" loading=\"lazy\" width=\"768\" height=\"1024\" data-id=\"861\"  src=\"https:\/\/www.saintbenoit-mayombe.org\/wp-content\/uploads\/2023\/04\/IMG-20230426-WA0021-768x1024.jpg\"  alt=\"IMG-20230426-WA0021-768x1024 Sensibilisation et \u00e9ducation \u00e0 l&#039;environnement\"  class=\"wp-image-861\" srcset=\"https:\/\/www.saintbenoit-mayombe.org\/wp-content\/uploads\/2023\/04\/IMG-20230426-WA0021-768x1024.jpg 768w, https:\/\/www.saintbenoit-mayombe.org\/wp-content\/uploads\/2023\/04\/IMG-20230426-WA0021-225x300.jpg 225w, https:\/\/www.saintbenoit-mayombe.org\/wp-content\/uploads\/2023\/04\/IMG-20230426-WA0021.jpg 810w\" sizes=\"(max-width: 768px) 100vw, 768px\" \/><\/figure>\n<figcaption class=\"blocks-gallery-caption\">Activit\u00e9 du 25\/04\/2023<\/figcaption><\/figure>\n\n\n\n<h2>POURSUITE DE DEPLOIEMENT DES PLANTULES<\/h2>\n\n\n\n<p>Les motos sont sont aussi utilis\u00e9es par l&rsquo;\u0152uvre Saint Benoit, surtout dans les villages dont les routes sont dans un \u00e9tat de d\u00e9labrement tr\u00e8s avanc\u00e9.<\/p>\n\n\n\n<figure class=\"wp-block-gallery has-nested-images columns-default is-cropped\">\n<figure class=\"wp-block-image size-large\"><img  title=\"\" loading=\"lazy\" width=\"768\" height=\"1024\" data-id=\"872\"  src=\"https:\/\/www.saintbenoit-mayombe.org\/wp-content\/uploads\/2023\/05\/IMG-20230427-WA0029-768x1024.jpg\"  alt=\"IMG-20230427-WA0029-768x1024 Sensibilisation et \u00e9ducation \u00e0 l&#039;environnement\"  class=\"wp-image-872\" srcset=\"https:\/\/www.saintbenoit-mayombe.org\/wp-content\/uploads\/2023\/05\/IMG-20230427-WA0029-768x1024.jpg 768w, https:\/\/www.saintbenoit-mayombe.org\/wp-content\/uploads\/2023\/05\/IMG-20230427-WA0029-225x300.jpg 225w, https:\/\/www.saintbenoit-mayombe.org\/wp-content\/uploads\/2023\/05\/IMG-20230427-WA0029.jpg 810w\" sizes=\"(max-width: 768px) 100vw, 768px\" \/><\/figure>\n\n\n\n<figure class=\"wp-block-image size-large\"><img  title=\"\" loading=\"lazy\" width=\"768\" height=\"1024\" data-id=\"873\"  src=\"https:\/\/www.saintbenoit-mayombe.org\/wp-content\/uploads\/2023\/05\/IMG-20230427-WA0031-768x1024.jpg\"  alt=\"IMG-20230427-WA0031-768x1024 Sensibilisation et \u00e9ducation \u00e0 l&#039;environnement\"  class=\"wp-image-873\" srcset=\"https:\/\/www.saintbenoit-mayombe.org\/wp-content\/uploads\/2023\/05\/IMG-20230427-WA0031-768x1024.jpg 768w, https:\/\/www.saintbenoit-mayombe.org\/wp-content\/uploads\/2023\/05\/IMG-20230427-WA0031-225x300.jpg 225w, https:\/\/www.saintbenoit-mayombe.org\/wp-content\/uploads\/2023\/05\/IMG-20230427-WA0031.jpg 810w\" sizes=\"(max-width: 768px) 100vw, 768px\" \/><\/figure>\n<figcaption class=\"blocks-gallery-caption\">R\u00e9alis\u00e9 le 12\/05\/2023<\/figcaption><\/figure>\n\n\n\n<p><\/p>\n\n\n\n<p><\/p>\n","protected":false},"excerpt":{"rendered":"<p>ACCUEIL DES ELEVES STAGIAIRES L&rsquo;\u0152uvre Saint Benoit, OSB en sigle re\u00e7oit des \u00e9l\u00e8ves stagiaires en Agronomie de l&rsquo;Institut Luengisa. Apr\u00e8s une s\u00e9ance de sensibilisation, ils passent \u00e0 un travail de terrain o\u00f9 ils sont invit\u00e9s chacun \u00e0 planter au moins un arbre. Il s&rsquo;agit d&rsquo;un travail pratique qui sera c\u00f4t\u00e9 par le Professeur. EMISSION RADIO-TELEVISEE [&hellip;]<\/p>\n","protected":false},"author":1,"featured_media":0,"parent":0,"menu_order":0,"comment_status":"closed","ping_status":"closed","template":"","meta":[],"yoast_head":"<!-- This site is optimized with the Yoast SEO plugin v17.8 - https:\/\/yoast.com\/wordpress\/plugins\/seo\/ -->\n<title>Sensibilisation et \u00e9ducation \u00e0 l&#039;environnement - \u0152uvre Saint Benoit<\/title>\n<meta name=\"robots\" content=\"noindex, follow, max-snippet:-1, max-image-preview:large, max-video-preview:-1\" \/>\n<meta property=\"og:locale\" content=\"fr_FR\" \/>\n<meta property=\"og:type\" content=\"article\" \/>\n<meta property=\"og:title\" content=\"Sensibilisation et \u00e9ducation \u00e0 l&#039;environnement - \u0152uvre Saint Benoit\" \/>\n<meta property=\"og:description\" content=\"ACCUEIL DES ELEVES STAGIAIRES L&rsquo;\u0152uvre Saint Benoit, OSB en sigle re\u00e7oit des \u00e9l\u00e8ves stagiaires en Agronomie de l&rsquo;Institut Luengisa. Apr\u00e8s une s\u00e9ance de sensibilisation, ils passent \u00e0 un travail de terrain o\u00f9 ils sont invit\u00e9s chacun \u00e0 planter au moins un arbre. Il s&rsquo;agit d&rsquo;un travail pratique qui sera c\u00f4t\u00e9 par le Professeur. EMISSION RADIO-TELEVISEE [&hellip;]\" \/>\n<meta property=\"og:url\" content=\"https:\/\/www.saintbenoit-mayombe.org\/index.php\/sensibilisation-et-education-a-lenvironnement\/\" \/>\n<meta property=\"og:site_name\" content=\"\u0152uvre Saint Benoit\" \/>\n<meta property=\"article:modified_time\" content=\"2023-05-14T16:43:07+00:00\" \/>\n<meta property=\"og:image\" content=\"https:\/\/www.saintbenoit-mayombe.org\/wp-content\/uploads\/2022\/05\/IMG-20220519-WA0021-1024x768.jpg\" \/>\n<meta name=\"twitter:card\" content=\"summary_large_image\" \/>\n<meta name=\"twitter:label1\" content=\"Dur\u00e9e de lecture estim\u00e9e\" \/>\n\t<meta name=\"twitter:data1\" content=\"12 minutes\" \/>\n<script type=\"application\/ld+json\" class=\"yoast-schema-graph\">{\"@context\":\"https:\/\/schema.org\",\"@graph\":[{\"@type\":\"WebSite\",\"@id\":\"https:\/\/www.saintbenoit-mayombe.org\/#website\",\"url\":\"https:\/\/www.saintbenoit-mayombe.org\/\",\"name\":\"\\u0152uvre Saint Benoit\",\"description\":\"Pour le d\\u00e9veloppement de tout l&#039;homme\",\"potentialAction\":[{\"@type\":\"SearchAction\",\"target\":{\"@type\":\"EntryPoint\",\"urlTemplate\":\"https:\/\/www.saintbenoit-mayombe.org\/?s={search_term_string}\"},\"query-input\":\"required name=search_term_string\"}],\"inLanguage\":\"fr-FR\"},{\"@type\":\"ImageObject\",\"@id\":\"https:\/\/www.saintbenoit-mayombe.org\/index.php\/sensibilisation-et-education-a-lenvironnement\/#primaryimage\",\"inLanguage\":\"fr-FR\",\"url\":\"https:\/\/www.saintbenoit-mayombe.org\/wp-content\/uploads\/2022\/05\/IMG-20220519-WA0021.jpg\",\"contentUrl\":\"https:\/\/www.saintbenoit-mayombe.org\/wp-content\/uploads\/2022\/05\/IMG-20220519-WA0021.jpg\",\"width\":1040,\"height\":780},{\"@type\":\"WebPage\",\"@id\":\"https:\/\/www.saintbenoit-mayombe.org\/index.php\/sensibilisation-et-education-a-lenvironnement\/#webpage\",\"url\":\"https:\/\/www.saintbenoit-mayombe.org\/index.php\/sensibilisation-et-education-a-lenvironnement\/\",\"name\":\"Sensibilisation et \\u00e9ducation \\u00e0 l'environnement - \\u0152uvre Saint Benoit\",\"isPartOf\":{\"@id\":\"https:\/\/www.saintbenoit-mayombe.org\/#website\"},\"primaryImageOfPage\":{\"@id\":\"https:\/\/www.saintbenoit-mayombe.org\/index.php\/sensibilisation-et-education-a-lenvironnement\/#primaryimage\"},\"datePublished\":\"2022-05-19T21:33:43+00:00\",\"dateModified\":\"2023-05-14T16:43:07+00:00\",\"breadcrumb\":{\"@id\":\"https:\/\/www.saintbenoit-mayombe.org\/index.php\/sensibilisation-et-education-a-lenvironnement\/#breadcrumb\"},\"inLanguage\":\"fr-FR\",\"potentialAction\":[{\"@type\":\"ReadAction\",\"target\":[\"https:\/\/www.saintbenoit-mayombe.org\/index.php\/sensibilisation-et-education-a-lenvironnement\/\"]}]},{\"@type\":\"BreadcrumbList\",\"@id\":\"https:\/\/www.saintbenoit-mayombe.org\/index.php\/sensibilisation-et-education-a-lenvironnement\/#breadcrumb\",\"itemListElement\":[{\"@type\":\"ListItem\",\"position\":1,\"name\":\"Home\",\"item\":\"https:\/\/www.saintbenoit-mayombe.org\/\"},{\"@type\":\"ListItem\",\"position\":2,\"name\":\"Sensibilisation et \\u00e9ducation \\u00e0 l&rsquo;environnement\"}]}]}<\/script>\n<!-- \/ Yoast SEO plugin. -->","yoast_head_json":{"title":"Sensibilisation et \u00e9ducation \u00e0 l'environnement - \u0152uvre Saint Benoit","robots":{"index":"noindex","follow":"follow","max-snippet":"max-snippet:-1","max-image-preview":"max-image-preview:large","max-video-preview":"max-video-preview:-1"},"og_locale":"fr_FR","og_type":"article","og_title":"Sensibilisation et \u00e9ducation \u00e0 l'environnement - \u0152uvre Saint Benoit","og_description":"ACCUEIL DES ELEVES STAGIAIRES L&rsquo;\u0152uvre Saint Benoit, OSB en sigle re\u00e7oit des \u00e9l\u00e8ves stagiaires en Agronomie de l&rsquo;Institut Luengisa. Apr\u00e8s une s\u00e9ance de sensibilisation, ils passent \u00e0 un travail de terrain o\u00f9 ils sont invit\u00e9s chacun \u00e0 planter au moins un arbre. Il s&rsquo;agit d&rsquo;un travail pratique qui sera c\u00f4t\u00e9 par le Professeur. EMISSION RADIO-TELEVISEE [&hellip;]","og_url":"https:\/\/www.saintbenoit-mayombe.org\/index.php\/sensibilisation-et-education-a-lenvironnement\/","og_site_name":"\u0152uvre Saint Benoit","article_modified_time":"2023-05-14T16:43:07+00:00","og_image":[{"url":"https:\/\/www.saintbenoit-mayombe.org\/wp-content\/uploads\/2022\/05\/IMG-20220519-WA0021-1024x768.jpg"}],"twitter_card":"summary_large_image","twitter_misc":{"Dur\u00e9e de lecture estim\u00e9e":"12 minutes"},"schema":{"@context":"https:\/\/schema.org","@graph":[{"@type":"WebSite","@id":"https:\/\/www.saintbenoit-mayombe.org\/#website","url":"https:\/\/www.saintbenoit-mayombe.org\/","name":"\u0152uvre Saint Benoit","description":"Pour le d\u00e9veloppement de tout l&#039;homme","potentialAction":[{"@type":"SearchAction","target":{"@type":"EntryPoint","urlTemplate":"https:\/\/www.saintbenoit-mayombe.org\/?s={search_term_string}"},"query-input":"required name=search_term_string"}],"inLanguage":"fr-FR"},{"@type":"ImageObject","@id":"https:\/\/www.saintbenoit-mayombe.org\/index.php\/sensibilisation-et-education-a-lenvironnement\/#primaryimage","inLanguage":"fr-FR","url":"https:\/\/www.saintbenoit-mayombe.org\/wp-content\/uploads\/2022\/05\/IMG-20220519-WA0021.jpg","contentUrl":"https:\/\/www.saintbenoit-mayombe.org\/wp-content\/uploads\/2022\/05\/IMG-20220519-WA0021.jpg","width":1040,"height":780},{"@type":"WebPage","@id":"https:\/\/www.saintbenoit-mayombe.org\/index.php\/sensibilisation-et-education-a-lenvironnement\/#webpage","url":"https:\/\/www.saintbenoit-mayombe.org\/index.php\/sensibilisation-et-education-a-lenvironnement\/","name":"Sensibilisation et \u00e9ducation \u00e0 l'environnement - \u0152uvre Saint Benoit","isPartOf":{"@id":"https:\/\/www.saintbenoit-mayombe.org\/#website"},"primaryImageOfPage":{"@id":"https:\/\/www.saintbenoit-mayombe.org\/index.php\/sensibilisation-et-education-a-lenvironnement\/#primaryimage"},"datePublished":"2022-05-19T21:33:43+00:00","dateModified":"2023-05-14T16:43:07+00:00","breadcrumb":{"@id":"https:\/\/www.saintbenoit-mayombe.org\/index.php\/sensibilisation-et-education-a-lenvironnement\/#breadcrumb"},"inLanguage":"fr-FR","potentialAction":[{"@type":"ReadAction","target":["https:\/\/www.saintbenoit-mayombe.org\/index.php\/sensibilisation-et-education-a-lenvironnement\/"]}]},{"@type":"BreadcrumbList","@id":"https:\/\/www.saintbenoit-mayombe.org\/index.php\/sensibilisation-et-education-a-lenvironnement\/#breadcrumb","itemListElement":[{"@type":"ListItem","position":1,"name":"Home","item":"https:\/\/www.saintbenoit-mayombe.org\/"},{"@type":"ListItem","position":2,"name":"Sensibilisation et \u00e9ducation \u00e0 l&rsquo;environnement"}]}]}},"_links":{"self":[{"href":"https:\/\/www.saintbenoit-mayombe.org\/index.php\/wp-json\/wp\/v2\/pages\/660"}],"collection":[{"href":"https:\/\/www.saintbenoit-mayombe.org\/index.php\/wp-json\/wp\/v2\/pages"}],"about":[{"href":"https:\/\/www.saintbenoit-mayombe.org\/index.php\/wp-json\/wp\/v2\/types\/page"}],"author":[{"embeddable":true,"href":"https:\/\/www.saintbenoit-mayombe.org\/index.php\/wp-json\/wp\/v2\/users\/1"}],"replies":[{"embeddable":true,"href":"https:\/\/www.saintbenoit-mayombe.org\/index.php\/wp-json\/wp\/v2\/comments?post=660"}],"version-history":[{"count":14,"href":"https:\/\/www.saintbenoit-mayombe.org\/index.php\/wp-json\/wp\/v2\/pages\/660\/revisions"}],"predecessor-version":[{"id":874,"href":"https:\/\/www.saintbenoit-mayombe.org\/index.php\/wp-json\/wp\/v2\/pages\/660\/revisions\/874"}],"wp:attachment":[{"href":"https:\/\/www.saintbenoit-mayombe.org\/index.php\/wp-json\/wp\/v2\/media?parent=660"}],"curies":[{"name":"wp","href":"https:\/\/api.w.org\/{rel}","templated":true}]}}